{"id":4447,"date":"2019-01-31T10:04:25","date_gmt":"2019-01-31T10:04:25","guid":{"rendered":"http:\/\/demo.zozothemes.com\/breno\/?page_id=4447"},"modified":"2025-05-20T12:53:16","modified_gmt":"2025-05-20T10:53:16","slug":"qui-sommes-nous","status":"publish","type":"page","link":"http:\/\/tunisie-verte-durable.org\/index.php\/qui-sommes-nous\/","title":{"rendered":"Qui sommes-nous ?"},"content":{"rendered":"<div class=\"wpb-content-wrapper\"><p>[vc_row css=&#8221;.vc_custom_1740236689240{margin-top: -90px !important;}&#8221;][vc_column width=&#8221;2\/3&#8243;]<div class=\"section-title-wrapper shortcode-rand-1 breno-inline-css\" data-css=\"&quot;.shortcode-rand-1 .background-title { font-family:Dancing Script;font-weight:700;font-style:normal }.shortcode-rand-1 .background-title { color: #f0f0f0; }.shortcode-rand-1 .title-separator.separator-border,.section-title-wrapper .title-separator.separator-border:after, .section-title-wrapper .title-separator.separator-border:before { background-color: ; }.shortcode-rand-1.section-title-wrapper .sub-title { color: #6abe52; }.shortcode-rand-1.section-title-wrapper &gt; *:nth-child(1) { margin-bottom: 25px; }.shortcode-rand-1.section-title-wrapper &gt; *:nth-child(2) { margin-bottom: 0px; }.shortcode-rand-1 .section-title { color: #21212d; text-transform: none; }&quot;\"><div class=\"title-wrap bg-title-enabled\"><h2 class=\"section-title\">A PROPOS DU PROGRAMME<\/h2><span class=\"title-separator separator-border theme-color-bg\"><\/span><\/div><!-- .title-wrap --><div class=\"section-description\">Le Programme d\u2019appui \u00e0 l\u2019action environnementale de l\u2019UE en Tunisie 2021 (le Programme) s\u2019attache \u00e0 renforcer et dynamiser l\u2019action environnementale en Tunisie selon une approche fond\u00e9e sur les exp\u00e9riences pass\u00e9es de la coop\u00e9ration de l\u2019Union europ\u00e9enne en Tunisie, en lien avec les programmes en cours.. Le Minist\u00e8re de l\u00b4environnement assure, dans la mise en \u0153uvre du Programme, la supervision et coordination technique avec les autres d\u00e9partements sectoriels partenaires.<\/p>\n<p><strong>Le Programme est d\u00e9clin\u00e9 en 4 volets ayant des cibles diff\u00e9rentes\u00a0:<\/strong><\/div><!-- .section-description --><div class=\"button-section\"><\/div><!-- .button-section --><\/div><!-- .section-title-wrapper --><div class=\"list-item-wrapper\" data-css=\"&quot;&quot;\"><div class=\"list-item-inner\" data-css=\"&quot;&quot;\"><div class=\"list-item-title media\"><span class=\"mr-3 theme-color fas fa-bookmark\"><\/span><div class=\"media-body align-self-center list-item-desc\">I - Gouvernance environnementale<\/div><\/div><!-- .list-item-title --><\/div><!-- .list-item-inner --><div class=\"list-item-inner\" data-css=\"&quot;&quot;\"><div class=\"list-item-title media\"><span class=\"mr-3 theme-color fas fa-bookmark\"><\/span><div class=\"media-body align-self-center list-item-desc\">II - Action environnementale des collectivit\u00e9s locales<\/div><\/div><!-- .list-item-title --><\/div><!-- .list-item-inner --><div class=\"list-item-inner\" data-css=\"&quot;&quot;\"><div class=\"list-item-title media\"><span class=\"mr-3 theme-color fas fa-bookmark\"><\/span><div class=\"media-body align-self-center list-item-desc\">III - Entrepreneuriat vert<\/div><\/div><!-- .list-item-title --><\/div><!-- .list-item-inner --><\/div><!-- .list-item-wrapper --><div class=\"list-item-wrapper mt-2\" data-css=\"&quot;&quot;\"><div class=\"list-item-inner\" data-css=\"&quot;&quot;\"><div class=\"list-item-title media\"><span class=\"mr-3 theme-color fas fa-bookmark\"><\/span><div class=\"media-body align-self-center list-item-desc\">IV - Recherche verte<\/div><\/div><!-- .list-item-title --><\/div><!-- .list-item-inner --><\/div><!-- .list-item-wrapper -->[vc_toggle title=&#8221;L\u2019impact voulu est&#8221; style=&#8221;round&#8221; color=&#8221;green&#8221; open=&#8221;true&#8221; css=&#8221;.vc_custom_1738099815708{margin-top: 40px !important;}&#8221;]<\/p>\n<ul>\n<li style=\"font-weight: 400;\" aria-level=\"1\"><span style=\"font-weight: 400;\">la durabilit\u00e9 de l\u2019\u00e9conomie tunisienne est am\u00e9lior\u00e9e et sa transition \u00e9cologique est amorc\u00e9e \u00e0 travers le changement des comportements des consommateurs et des producteurs<\/span><\/li>\n<\/ul>\n<p>[\/vc_toggle][vc_toggle title=&#8221;Les effets escompt\u00e9s sont&#8221; style=&#8221;round&#8221; color=&#8221;green&#8221; open=&#8221;true&#8221; css=&#8221;&#8221;]<\/p>\n<ol>\n<li style=\"font-weight: 400;\" aria-level=\"1\"><span style=\"font-weight: 400;\">une concertation politique et civique s\u2019engage efficacement dans la lutte contre le changement climatique et la pr\u00e9servation des ressources naturelles\u00a0;<\/span><\/li>\n<li style=\"font-weight: 400;\" aria-level=\"1\"><span style=\"font-weight: 400;\">des progr\u00e8s en mati\u00e8re environnementale d\u00e9coulent des investissements au niveau local<\/span><\/li>\n<li style=\"font-weight: 400;\" aria-level=\"1\"><span style=\"font-weight: 400;\">le secteur priv\u00e9 d\u00e9veloppe, seul ou en partenariat, des modes de production de biens et de gestion des services en phase avec les principes de l\u2019\u00e9conomie verte et bleue<\/span><\/li>\n<\/ol>\n<p>[\/vc_toggle][vc_toggle title=&#8221;Les produits attendus sont&#8221; style=&#8221;round&#8221; color=&#8221;green&#8221; open=&#8221;true&#8221; css=&#8221;&#8221;]<i><span style=\"font-weight: 400;\">pour l\u2019effet 1\u00a0:<\/span><\/i><\/p>\n<ul>\n<li style=\"font-weight: 400;\" aria-level=\"1\"><span style=\"font-weight: 400;\">1.1.1 Le cadre l\u00e9gislatif, r\u00e9glementaire et normatif en mati\u00e8re d\u2019environnement et de lutte contre le changement climatique est adapt\u00e9 et\/ou mis en application\u00a0<\/span><\/li>\n<li style=\"font-weight: 400;\" aria-level=\"1\"><span style=\"font-weight: 400;\">1.2.1 Des actions pour sensibiliser les citoyens et les entreprises sont mises en \u0153uvre et contribuent \u00e0 la prise de d\u00e9cision en mati\u00e8re environnementale\u00a0<\/span><\/li>\n<\/ul>\n<p><i><span style=\"font-weight: 400;\">pour l\u2019effet 2\u00a0:<\/span><\/i><\/p>\n<ul>\n<li style=\"font-weight: 400;\" aria-level=\"1\"><span style=\"font-weight: 400;\">2.1.1 Les Plans d&#8217;action pour l&#8217;\u00e9nergie durable et le climat (PAEDC) sont d\u00e9velopp\u00e9s par les collectivit\u00e9s locales cibl\u00e9es\u00a0\u00a0<\/span><\/li>\n<li style=\"font-weight: 400;\" aria-level=\"1\"><span style=\"font-weight: 400;\">2.1.2 Un syst\u00e8me de financement des collectivit\u00e9s locales est mis en place pour les investissements \u00e0 port\u00e9e environnementale\u00a0\u00a0<\/span><\/li>\n<li style=\"font-weight: 400;\" aria-level=\"1\"><span style=\"font-weight: 400;\">2.1.3 Des investissements pilotes en mati\u00e8re d&#8217;\u00e9nergie durable et de lutte contre le changement climatique sont financ\u00e9s et r\u00e9alis\u00e9s dans les collectivit\u00e9s locales cibl\u00e9es<\/span><\/li>\n<\/ul>\n<p><i><span style=\"font-weight: 400;\">pour l\u2019effet 3\u00a0:<\/span><\/i><\/p>\n<ul>\n<li style=\"list-style-type: none;\">\n<ul>\n<li style=\"font-weight: 400;\" aria-level=\"1\"><span style=\"font-weight: 400;\">3.1.1 Un dispositif d\u2019accompagnement et de financement d\u2019entreprises dans les secteurs de l\u2019entrepreneuriat vert, de l\u2019innovation <\/span><span style=\"font-weight: 400;\">verte (\u00e9co-innovation et technologies vertes),<\/span><span style=\"font-weight: 400;\"> du tourisme durable, de l\u2019\u00e9conomie circulaire est d\u00e9velopp\u00e9 et mis en \u0153uvre. Les modalit\u00e9s innovantes de financement et d\u2019incitation \u00e0 l\u2019investissement sont mises en place -notamment, crowdfunding, subventions, pr\u00eats d\u2019honneur, avances remboursables &#8211;\u00a0\u00a0<\/span><\/li>\n<li style=\"font-weight: 400;\" aria-level=\"1\"><span style=\"font-weight: 400;\">3.2.1 Une facilit\u00e9 pour financer l\u2019insertion de chercheurs dans les collectivit\u00e9s locales et entreprises est mise en \u0153uvre\u00a0\u00a0<\/span><\/li>\n<\/ul>\n<\/li>\n<\/ul>\n<p>[\/vc_toggle][\/vc_column][\/vc_row][vc_row full_width=&#8221;stretch_row&#8221; row_overlay=&#8221;custom&#8221; css=&#8221;.vc_custom_1738087760301{background-image: url(http:\/\/tunisie-verte-durable.org\/wp-content\/uploads\/revslider\/slider1-.jpg?id=73) !important;background-position: center !important;background-repeat: no-repeat !important;background-size: cover !important;}&#8221; row_overlay_color=&#8221;rgba(0,0,0,0.85)&#8221;][vc_column]<div class=\"section-title-wrapper text-center shortcode-rand-8 breno-inline-css\" data-css=\"&quot;.shortcode-rand-8 .background-title { font-family:Dancing Script;font-weight:700;font-style:normal }.shortcode-rand-8 .background-title { color: #f0f0f0; }.shortcode-rand-8 .title-separator.separator-border,.section-title-wrapper .title-separator.separator-border:after, .section-title-wrapper .title-separator.separator-border:before { background-color: ; }.shortcode-rand-8.section-title-wrapper { color: #ffffff; }.shortcode-rand-8.section-title-wrapper .sub-title { color: #000000; }.shortcode-rand-8.section-title-wrapper &gt; *:nth-child(1) { margin-bottom: 25px; }.shortcode-rand-8.section-title-wrapper &gt; *:nth-child(2) { margin-bottom: 20px; }.shortcode-rand-8 .section-title { color: #ffffff; text-transform: none; }&quot;\"><div class=\"title-wrap bg-title-enabled\"><h2 class=\"section-title\">Les Volets<\/h2><span class=\"title-separator separator-border theme-color-bg\"><\/span><\/div><!-- .title-wrap --><div class=\"section-description\"><\/div><!-- .section-description --><div class=\"button-section\"><\/div><!-- .button-section --><\/div><!-- .section-title-wrapper -->[vc_row_inner][vc_column_inner offset=&#8221;vc_col-lg-3 vc_col-md-3&#8243; css=&#8221;.vc_custom_1549523641080{border-right-width: 1px !important;border-right-color: rgba(253,253,253,0.2) !important;border-right-style: solid !important;}&#8221;]<div class=\"feature-box-wrapper feature-box-style-1 text-center vc_custom_1739810146099 shortcode-rand-9 breno-inline-css\" data-css=\"&quot;.shortcode-rand-9.feature-box-wrapper .section-title { color: #6abe52; }.shortcode-rand-9.feature-box-wrapper { color: #cccccc; }.shortcode-rand-9.feature-box-wrapper &gt; *:nth-child(1) { margin-bottom: 35px; }.shortcode-rand-9.feature-box-wrapper &gt; *:nth-child(2) { margin-bottom: 15px; }.shortcode-rand-9.feature-box-wrapper {background: -moz-linear-gradient(141deg,  0%,  51%,  75%);\\r\\n\\t\\t\\t\\tbackground: -webkit-linear-gradient(141deg,  0%,  51%,  75%);\\r\\n\\t\\t\\t\\tbackground: linear-gradient(141deg,  0%,  51%,  75%);}.shortcode-rand-9 .feature-box-icon { font-size: 24px; }.shortcode-rand-9 .feature-box-icon { height: 48px; width: 48px; }.shortcode-rand-9 .feature-box-icon &gt; span { line-height: 2; }&quot;\" ><div class=\"feature-box-thumb\"><img loading=\"lazy\" decoding=\"async\" class=\"img-fluid squared\" src=\"http:\/\/tunisie-verte-durable.org\/wp-content\/uploads\/2019\/02\/001-rewenable.png\" width=\"64\" height=\"64\" alt=\"Gouvernance\" \/><\/div><!-- .feature-box-thumb --><div class=\"feature-box-title\"><h5 class=\"section-title\">Gouvernance<\/h5><\/div><!-- .feature-box-title --><div class=\"feature-box-content\"><b>Avec GIZ<\/b><\/div><!-- .feature-box-content --><\/div><!-- .feature-box-wrapper -->[\/vc_column_inner][vc_column_inner css=&#8221;.vc_custom_1549523630183{border-right-width: 1px !important;border-right-color: rgba(253,253,253,0.2) !important;border-right-style: solid !important;}&#8221; offset=&#8221;vc_col-lg-3 vc_col-md-3&#8243;]<div class=\"feature-box-wrapper feature-box-style-1 text-center vc_custom_1740075614637 shortcode-rand-10 breno-inline-css\" data-css=\"&quot;.shortcode-rand-10.feature-box-wrapper .section-title { color: #6abe52; }.shortcode-rand-10.feature-box-wrapper { color: #cccccc; }.shortcode-rand-10.feature-box-wrapper &gt; *:nth-child(1) { margin-bottom: 35px; }.shortcode-rand-10.feature-box-wrapper &gt; *:nth-child(2) { margin-bottom: 15px; }.shortcode-rand-10.feature-box-wrapper {background: -moz-linear-gradient(141deg,  0%,  51%,  75%);\\r\\n\\t\\t\\t\\tbackground: -webkit-linear-gradient(141deg,  0%,  51%,  75%);\\r\\n\\t\\t\\t\\tbackground: linear-gradient(141deg,  0%,  51%,  75%);}.shortcode-rand-10 .feature-box-icon { font-size: 24px; }.shortcode-rand-10 .feature-box-icon { height: 48px; width: 48px; }.shortcode-rand-10 .feature-box-icon &gt; span { line-height: 2; }&quot;\" ><div class=\"feature-box-thumb\"><img loading=\"lazy\" decoding=\"async\" class=\"img-fluid squared\" src=\"http:\/\/tunisie-verte-durable.org\/wp-content\/uploads\/2019\/02\/001-ecology-1.png\" width=\"64\" height=\"64\" alt=\"Collectivit\u00e9s locales\" \/><\/div><!-- .feature-box-thumb --><div class=\"feature-box-title\"><h5 class=\"section-title\">Collectivit\u00e9s locales<\/h5><\/div><!-- .feature-box-title --><div class=\"feature-box-content\"><b>Avec UNCDF<\/b><\/div><!-- .feature-box-content --><\/div><!-- .feature-box-wrapper -->[\/vc_column_inner][vc_column_inner css=&#8221;.vc_custom_1549523616358{border-right-width: 1px !important;border-right-color: rgba(253,253,253,0.2) !important;border-right-style: solid !important;}&#8221; offset=&#8221;vc_col-lg-3 vc_col-md-3&#8243;]<div class=\"feature-box-wrapper feature-box-style-1 text-center vc_custom_1740075563564 shortcode-rand-11 breno-inline-css\" data-css=\"&quot;.shortcode-rand-11.feature-box-wrapper .section-title { color: #6abe52; }.shortcode-rand-11.feature-box-wrapper { color: #cccccc; }.shortcode-rand-11.feature-box-wrapper &gt; *:nth-child(1) { margin-bottom: 35px; }.shortcode-rand-11.feature-box-wrapper &gt; *:nth-child(2) { margin-bottom: 15px; }.shortcode-rand-11.feature-box-wrapper {background: -moz-linear-gradient(141deg,  0%,  51%,  75%);\\r\\n\\t\\t\\t\\tbackground: -webkit-linear-gradient(141deg,  0%,  51%,  75%);\\r\\n\\t\\t\\t\\tbackground: linear-gradient(141deg,  0%,  51%,  75%);}.shortcode-rand-11 .feature-box-icon { font-size: 24px; }.shortcode-rand-11 .feature-box-icon { height: 48px; width: 48px; }.shortcode-rand-11 .feature-box-icon &gt; span { line-height: 2; }&quot;\" ><div class=\"feature-box-thumb\"><img loading=\"lazy\" decoding=\"async\" class=\"img-fluid squared\" src=\"http:\/\/tunisie-verte-durable.org\/wp-content\/uploads\/2019\/02\/003-sunlight.png\" width=\"64\" height=\"64\" alt=\"Entrepreneuriat\" \/><\/div><!-- .feature-box-thumb --><div class=\"feature-box-title\"><h5 class=\"section-title\">Entrepreneuriat<\/h5><\/div><!-- .feature-box-title --><div class=\"feature-box-content\"><b>Avec Expertise France<\/b><\/div><!-- .feature-box-content --><\/div><!-- .feature-box-wrapper -->[\/vc_column_inner][vc_column_inner offset=&#8221;vc_col-lg-3 vc_col-md-3&#8243; css=&#8221;.vc_custom_1549523859183{padding-top: 35px !important;}&#8221;]<div class=\"feature-box-wrapper feature-box-style-1 text-center vc_custom_1740075665278 shortcode-rand-12 breno-inline-css\" data-css=\"&quot;.shortcode-rand-12.feature-box-wrapper .section-title { color: #6abe52; }.shortcode-rand-12.feature-box-wrapper { color: #cccccc; }.shortcode-rand-12.feature-box-wrapper &gt; *:nth-child(1) { margin-bottom: 35px; }.shortcode-rand-12.feature-box-wrapper &gt; *:nth-child(2) { margin-bottom: 15px; }.shortcode-rand-12.feature-box-wrapper {background: -moz-linear-gradient(141deg,  0%,  51%,  75%);\\r\\n\\t\\t\\t\\tbackground: -webkit-linear-gradient(141deg,  0%,  51%,  75%);\\r\\n\\t\\t\\t\\tbackground: linear-gradient(141deg,  0%,  51%,  75%);}.shortcode-rand-12 .feature-box-icon { font-size: 24px; }.shortcode-rand-12 .feature-box-icon { height: 48px; width: 48px; }.shortcode-rand-12 .feature-box-icon &gt; span { line-height: 2; }&quot;\" ><div class=\"feature-box-thumb\"><img loading=\"lazy\" decoding=\"async\" class=\"img-fluid squared\" src=\"http:\/\/tunisie-verte-durable.org\/wp-content\/uploads\/2019\/02\/002-plant.png\" width=\"64\" height=\"64\" alt=\"Recherche scientifique\" \/><\/div><!-- .feature-box-thumb --><div class=\"feature-box-title\"><h5 class=\"section-title\">Recherche scientifique<\/h5><\/div><!-- .feature-box-title --><div class=\"feature-box-content\"><b>Avec l&#8217;Agence nationale pour la promotion de la recherche scientifique -ANPR<\/b><\/div><!-- .feature-box-content --><\/div><!-- .feature-box-wrapper -->[\/vc_column_inner][\/vc_row_inner][\/vc_column][\/vc_row]<\/p>\n<\/div>","protected":false},"excerpt":{"rendered":"<p>[vc_row css=&#8221;.vc_custom_1740236689240{margin-top: -90px !important;}&#8221;][vc_column width=&#8221;2\/3&#8243;][vc_toggle title=&#8221;L\u2019impact voulu est&#8221; style=&#8221;round&#8221; color=&#8221;green&#8221; open=&#8221;true&#8221; css=&#8221;.vc_custom_1738099815708{margin-top: 40px !important;}&#8221;] la durabilit\u00e9 de l\u2019\u00e9conomie tunisienne est am\u00e9lior\u00e9e et sa transition \u00e9cologique est amorc\u00e9e \u00e0 travers le changement des comportements des consommateurs et des producteurs [\/vc_toggle][vc_toggle title=&#8221;Les effets escompt\u00e9s sont&#8221; style=&#8221;round&#8221; color=&#8221;green&#8221; open=&#8221;true&#8221; css=&#8221;&#8221;] une concertation politique et civique s\u2019engage efficacement dans<\/p>\n","protected":false},"author":1,"featured_media":0,"parent":0,"menu_order":0,"comment_status":"closed","ping_status":"closed","template":"","meta":{"_piecal_is_event":false,"_piecal_start_date":"","_piecal_end_date":"","_piecal_is_allday":false,"footnotes":""},"class_list":["post-4447","page","type-page","status-publish","hentry"],"aioseo_notices":[],"_links":{"self":[{"href":"http:\/\/tunisie-verte-durable.org\/index.php\/wp-json\/wp\/v2\/pages\/4447","targetHints":{"allow":["GET"]}}],"collection":[{"href":"http:\/\/tunisie-verte-durable.org\/index.php\/wp-json\/wp\/v2\/pages"}],"about":[{"href":"http:\/\/tunisie-verte-durable.org\/index.php\/wp-json\/wp\/v2\/types\/page"}],"author":[{"embeddable":true,"href":"http:\/\/tunisie-verte-durable.org\/index.php\/wp-json\/wp\/v2\/users\/1"}],"replies":[{"embeddable":true,"href":"http:\/\/tunisie-verte-durable.org\/index.php\/wp-json\/wp\/v2\/comments?post=4447"}],"version-history":[{"count":42,"href":"http:\/\/tunisie-verte-durable.org\/index.php\/wp-json\/wp\/v2\/pages\/4447\/revisions"}],"predecessor-version":[{"id":6562,"href":"http:\/\/tunisie-verte-durable.org\/index.php\/wp-json\/wp\/v2\/pages\/4447\/revisions\/6562"}],"wp:attachment":[{"href":"http:\/\/tunisie-verte-durable.org\/index.php\/wp-json\/wp\/v2\/media?parent=4447"}],"curies":[{"name":"wp","href":"https:\/\/api.w.org\/{rel}","templated":true}]}}