{"id":218,"date":"2018-07-06T07:51:05","date_gmt":"2018-07-06T07:51:05","guid":{"rendered":"http:\/\/demo.zozothemes.com\/breno\/home-copy\/"},"modified":"2025-04-06T16:13:44","modified_gmt":"2025-04-06T14:13:44","slug":"actualites","status":"publish","type":"page","link":"https:\/\/tunisie-verte-durable.org\/index.php\/actualites\/","title":{"rendered":"Actualit\u00e9s"},"content":{"rendered":"<div class=\"wpb-content-wrapper\"><p>[vc_row full_width=&#8221;stretch_row&#8221; css=&#8221;.vc_custom_1549878729275{padding-top: 120px !important;padding-bottom: 80px !important;}&#8221;][vc_column][vc_row_inner][vc_column_inner]<div class=\"blog-wrapper blog-style-3 blog-light shortcode-rand-1 breno-inline-css\" data-css=\"&quot;.shortcode-rand-1.blog-wrapper .blog-inner &gt; *:nth-child(1) { margin-bottom: 35px; }.shortcode-rand-1.blog-wrapper .blog-inner &gt; *:nth-child(2) { margin-bottom: 15px; }.shortcode-rand-1.blog-wrapper .blog-inner &gt; *:nth-child(3) { margin-bottom: 5px; }&quot;\"><div class=\"row\"><div class=\"col-lg-4 col-md-4\"><div class=\"blog-inner\"><div class=\"post-thumb\"><div class=\"post-thumb-overlay\"><a href=\"https:\/\/tunisie-verte-durable.org\/index.php\/news\/2026\/02\/11\/signature-de-16-conventions-de-projets-green-impact\/\" class=\"post-link\"><\/a><\/div><img loading=\"lazy\" decoding=\"async\" width=\"220\" height=\"130\" src=\"https:\/\/tunisie-verte-durable.org\/wp-content\/uploads\/2026\/02\/photo-event-220x130.jpg\" class=\"img-fluid wp-post-image\" alt=\"\" srcset=\"https:\/\/tunisie-verte-durable.org\/wp-content\/uploads\/2026\/02\/photo-event-220x130.jpg 220w, https:\/\/tunisie-verte-durable.org\/wp-content\/uploads\/2026\/02\/photo-event-768x456.jpg 768w, https:\/\/tunisie-verte-durable.org\/wp-content\/uploads\/2026\/02\/photo-event-440x260.jpg 440w\" sizes=\"auto, (max-width: 220px) 100vw, 220px\" \/><div class=\"sticky-date\"><div class=\"post-date\"><a href=\"https:\/\/tunisie-verte-durable.org\/index.php\/2026\/02\/11\/\" >11 February 2026<\/a><\/div><\/div><\/div><!-- .post-thumb --><div class=\"post-excerpt\"><p>[vc_row][vc_column][vc_column_text css=&#8221;&#8221;] 16 projets collaboratifs innovants et \u00e0 fort impact dans le domaine de l&#8217;environnement verront le jour<\/p>\n<\/div><!-- .post-excerpt --><div class=\"post-category\"><a href=\"https:\/\/tunisie-verte-durable.org\/index.php\/category\/news\/\">Actualit\u00e9s<\/a>,<a href=\"https:\/\/tunisie-verte-durable.org\/index.php\/category\/aresse\/\">Aresse<\/a><\/div><div class=\"entry-title\"><h6><a href=\"https:\/\/tunisie-verte-durable.org\/index.php\/news\/2026\/02\/11\/signature-de-16-conventions-de-projets-green-impact\/\" class=\"post-title\">Signature de 16 conventions de projets Green Impact<\/a><\/h6><\/div><!-- .entry-title --><div class=\"bottom-meta clearfix\"><ul class=\"bottom-meta-list\"><li><div class=\"post-more\"><a class=\"read-more\" href=\"https:\/\/tunisie-verte-durable.org\/index.php\/news\/2026\/02\/11\/signature-de-16-conventions-de-projets-green-impact\/\">Voir plus<\/a><\/div><\/li><\/ul><\/div><\/div><!-- .blog-inner --><\/div><!-- .cols --><div class=\"col-lg-4 col-md-4\"><div class=\"blog-inner\"><div class=\"post-thumb\"><div class=\"post-thumb-overlay\"><a href=\"https:\/\/tunisie-verte-durable.org\/index.php\/news\/2026\/02\/05\/cloture-du-parcours-journalisme-environnemental\/\" class=\"post-link\"><\/a><\/div><img loading=\"lazy\" decoding=\"async\" width=\"220\" height=\"130\" src=\"https:\/\/tunisie-verte-durable.org\/wp-content\/uploads\/2026\/02\/image-220x130.jpg\" class=\"img-fluid wp-post-image\" alt=\"\" srcset=\"https:\/\/tunisie-verte-durable.org\/wp-content\/uploads\/2026\/02\/image-220x130.jpg 220w, https:\/\/tunisie-verte-durable.org\/wp-content\/uploads\/2026\/02\/image-768x456.jpg 768w, https:\/\/tunisie-verte-durable.org\/wp-content\/uploads\/2026\/02\/image-440x260.jpg 440w\" sizes=\"auto, (max-width: 220px) 100vw, 220px\" \/><div class=\"sticky-date\"><div class=\"post-date\"><a href=\"https:\/\/tunisie-verte-durable.org\/index.php\/2026\/02\/05\/\" >5 February 2026<\/a><\/div><\/div><\/div><!-- .post-thumb --><div class=\"post-excerpt\"><p>[vc_row][vc_column][vc_column_text css=&#8221;&#8221;] La cl\u00f4ture du programme \u00ab\u00a0Parcours Journalisme Environnemental (PJE)\u00a0\u00bb, financ\u00e9 par l\u2019Union europ\u00e9enne, vient d\u2019\u00eatre organis\u00e9e, le<\/p>\n<\/div><!-- .post-excerpt --><div class=\"post-category\"><a href=\"https:\/\/tunisie-verte-durable.org\/index.php\/category\/news\/\">Actualit\u00e9s<\/a>,<a href=\"https:\/\/tunisie-verte-durable.org\/index.php\/category\/pagecte\/\">Pagecte<\/a><\/div><div class=\"entry-title\"><h6><a href=\"https:\/\/tunisie-verte-durable.org\/index.php\/news\/2026\/02\/05\/cloture-du-parcours-journalisme-environnemental\/\" class=\"post-title\">Cl\u00f4ture du Parcours Journalisme Environnemental<\/a><\/h6><\/div><!-- .entry-title --><div class=\"bottom-meta clearfix\"><ul class=\"bottom-meta-list\"><li><div class=\"post-more\"><a class=\"read-more\" href=\"https:\/\/tunisie-verte-durable.org\/index.php\/news\/2026\/02\/05\/cloture-du-parcours-journalisme-environnemental\/\">Voir plus<\/a><\/div><\/li><\/ul><\/div><\/div><!-- .blog-inner --><\/div><!-- .cols --><div class=\"col-lg-4 col-md-4\"><div class=\"blog-inner\"><div class=\"post-thumb\"><div class=\"post-thumb-overlay\"><a href=\"https:\/\/tunisie-verte-durable.org\/index.php\/news\/2025\/11\/14\/forets-societe-civile\/\" class=\"post-link\"><\/a><\/div><img loading=\"lazy\" decoding=\"async\" width=\"220\" height=\"130\" src=\"https:\/\/tunisie-verte-durable.org\/wp-content\/uploads\/2025\/11\/image-pagecte-forets-220x130.jpg\" class=\"img-fluid wp-post-image\" alt=\"\" srcset=\"https:\/\/tunisie-verte-durable.org\/wp-content\/uploads\/2025\/11\/image-pagecte-forets-220x130.jpg 220w, https:\/\/tunisie-verte-durable.org\/wp-content\/uploads\/2025\/11\/image-pagecte-forets-768x456.jpg 768w, https:\/\/tunisie-verte-durable.org\/wp-content\/uploads\/2025\/11\/image-pagecte-forets-1170x694.jpg 1170w, https:\/\/tunisie-verte-durable.org\/wp-content\/uploads\/2025\/11\/image-pagecte-forets-440x260.jpg 440w\" sizes=\"auto, (max-width: 220px) 100vw, 220px\" \/><div class=\"sticky-date\"><div class=\"post-date\"><a href=\"https:\/\/tunisie-verte-durable.org\/index.php\/2025\/11\/14\/\" >14 November 2025<\/a><\/div><\/div><\/div><!-- .post-thumb --><div class=\"post-excerpt\"><p>[vc_row css=&#8221;.vc_custom_1763123270764{margin-top: -70px !important;}&#8221;][vc_column][vc_column_text css=&#8221;&#8221;] Les for\u00eats tunisiennes, riches en biodiversit\u00e9 et en services \u00e9cosyst\u00e9miques, sont \u00e9troitement li\u00e9es<\/p>\n<\/div><!-- .post-excerpt --><div class=\"post-category\"><a href=\"https:\/\/tunisie-verte-durable.org\/index.php\/category\/news\/\">Actualit\u00e9s<\/a>,<a href=\"https:\/\/tunisie-verte-durable.org\/index.php\/category\/pagecte\/\">Pagecte<\/a><\/div><div class=\"entry-title\"><h6><a href=\"https:\/\/tunisie-verte-durable.org\/index.php\/news\/2025\/11\/14\/forets-societe-civile\/\" class=\"post-title\">Forets &amp; soci\u00e9t\u00e9 civile<\/a><\/h6><\/div><!-- .entry-title --><div class=\"bottom-meta clearfix\"><ul class=\"bottom-meta-list\"><li><div class=\"post-more\"><a class=\"read-more\" href=\"https:\/\/tunisie-verte-durable.org\/index.php\/news\/2025\/11\/14\/forets-societe-civile\/\">Voir plus<\/a><\/div><\/li><\/ul><\/div><\/div><!-- .blog-inner --><\/div><!-- .cols --><\/div><!-- .row --><div class=\"row\"><div class=\"col-lg-4 col-md-4\"><div class=\"blog-inner\"><div class=\"post-thumb\"><div class=\"post-thumb-overlay\"><a href=\"https:\/\/tunisie-verte-durable.org\/index.php\/news\/2025\/11\/13\/pollutec-2025-un-succes-pour-4-eco-entreprises-tunisiennes\/\" class=\"post-link\"><\/a><\/div><img loading=\"lazy\" decoding=\"async\" width=\"220\" height=\"130\" src=\"https:\/\/tunisie-verte-durable.org\/wp-content\/uploads\/2025\/11\/image-pollutec-220x130.jpg\" class=\"img-fluid wp-post-image\" alt=\"\" srcset=\"https:\/\/tunisie-verte-durable.org\/wp-content\/uploads\/2025\/11\/image-pollutec-220x130.jpg 220w, https:\/\/tunisie-verte-durable.org\/wp-content\/uploads\/2025\/11\/image-pollutec-768x456.jpg 768w, https:\/\/tunisie-verte-durable.org\/wp-content\/uploads\/2025\/11\/image-pollutec-440x260.jpg 440w\" sizes=\"auto, (max-width: 220px) 100vw, 220px\" \/><div class=\"sticky-date\"><div class=\"post-date\"><a href=\"https:\/\/tunisie-verte-durable.org\/index.php\/2025\/11\/13\/\" >13 November 2025<\/a><\/div><\/div><\/div><!-- .post-thumb --><div class=\"post-excerpt\"><p>Du 7 au 10 octobre 2025, quatre \u00e9co-entreprises tunisiennes ont particip\u00e9 au\u00a0Salon Pollutec 2025\u00a0\u00e0 Lyon, l\u2019un des plus<\/p>\n<\/div><!-- .post-excerpt --><div class=\"post-category\"><a href=\"https:\/\/tunisie-verte-durable.org\/index.php\/category\/news\/\">Actualit\u00e9s<\/a>,<a href=\"https:\/\/tunisie-verte-durable.org\/index.php\/category\/greenovi\/\">Greenov\u2019i<\/a><\/div><div class=\"entry-title\"><h6><a href=\"https:\/\/tunisie-verte-durable.org\/index.php\/news\/2025\/11\/13\/pollutec-2025-un-succes-pour-4-eco-entreprises-tunisiennes\/\" class=\"post-title\">Pollutec 2025 : un succ\u00e8s pour 4 \u00e9co-entreprises tunisiennes<\/a><\/h6><\/div><!-- .entry-title --><div class=\"bottom-meta clearfix\"><ul class=\"bottom-meta-list\"><li><div class=\"post-more\"><a class=\"read-more\" href=\"https:\/\/tunisie-verte-durable.org\/index.php\/news\/2025\/11\/13\/pollutec-2025-un-succes-pour-4-eco-entreprises-tunisiennes\/\">Voir plus<\/a><\/div><\/li><\/ul><\/div><\/div><!-- .blog-inner --><\/div><!-- .cols --><div class=\"col-lg-4 col-md-4\"><div class=\"blog-inner\"><div class=\"post-thumb\"><div class=\"post-thumb-overlay\"><a href=\"https:\/\/tunisie-verte-durable.org\/index.php\/news\/2025\/11\/12\/resultat-de-lappel-a-projets-green-impact\/\" class=\"post-link\"><\/a><\/div><img loading=\"lazy\" decoding=\"async\" width=\"220\" height=\"130\" src=\"https:\/\/tunisie-verte-durable.org\/wp-content\/uploads\/2025\/11\/image-GREEN-IMPACT-220x130.jpg\" class=\"img-fluid wp-post-image\" alt=\"\" srcset=\"https:\/\/tunisie-verte-durable.org\/wp-content\/uploads\/2025\/11\/image-GREEN-IMPACT-220x130.jpg 220w, https:\/\/tunisie-verte-durable.org\/wp-content\/uploads\/2025\/11\/image-GREEN-IMPACT-768x456.jpg 768w, https:\/\/tunisie-verte-durable.org\/wp-content\/uploads\/2025\/11\/image-GREEN-IMPACT-440x260.jpg 440w\" sizes=\"auto, (max-width: 220px) 100vw, 220px\" \/><div class=\"sticky-date\"><div class=\"post-date\"><a href=\"https:\/\/tunisie-verte-durable.org\/index.php\/2025\/11\/12\/\" >12 November 2025<\/a><\/div><\/div><\/div><!-- .post-thumb --><div class=\"post-excerpt\"><p>Les r\u00e9sultats de l\u2019\u00e9valuation des projets soumis dans le cadre de l\u2019appel \u00e0 projets \u00abGreen Impact \u00bb, lanc\u00e9<\/p>\n<\/div><!-- .post-excerpt --><div class=\"post-category\"><a href=\"https:\/\/tunisie-verte-durable.org\/index.php\/category\/news\/\">Actualit\u00e9s<\/a>,<a href=\"https:\/\/tunisie-verte-durable.org\/index.php\/category\/aresse\/\">Aresse<\/a><\/div><div class=\"entry-title\"><h6><a href=\"https:\/\/tunisie-verte-durable.org\/index.php\/news\/2025\/11\/12\/resultat-de-lappel-a-projets-green-impact\/\" class=\"post-title\">R\u00e9sultat de l\u2019appel \u00e0 projets \u00ab\u00a0Green Impact\u00a0\u00bb<\/a><\/h6><\/div><!-- .entry-title --><div class=\"bottom-meta clearfix\"><ul class=\"bottom-meta-list\"><li><div class=\"post-more\"><a class=\"read-more\" href=\"https:\/\/tunisie-verte-durable.org\/index.php\/news\/2025\/11\/12\/resultat-de-lappel-a-projets-green-impact\/\">Voir plus<\/a><\/div><\/li><\/ul><\/div><\/div><!-- .blog-inner --><\/div><!-- .cols --><div class=\"col-lg-4 col-md-4\"><div class=\"blog-inner\"><div class=\"post-thumb\"><div class=\"post-thumb-overlay\"><a href=\"https:\/\/tunisie-verte-durable.org\/index.php\/news\/2025\/11\/10\/decloisonner-pour-mieux-negocier-a-la-cop30\/\" class=\"post-link\"><\/a><\/div><img loading=\"lazy\" decoding=\"async\" width=\"220\" height=\"130\" src=\"https:\/\/tunisie-verte-durable.org\/wp-content\/uploads\/2025\/11\/image-pagecte-cop30-220x130.jpg\" class=\"img-fluid wp-post-image\" alt=\"\" srcset=\"https:\/\/tunisie-verte-durable.org\/wp-content\/uploads\/2025\/11\/image-pagecte-cop30-220x130.jpg 220w, https:\/\/tunisie-verte-durable.org\/wp-content\/uploads\/2025\/11\/image-pagecte-cop30-768x456.jpg 768w, https:\/\/tunisie-verte-durable.org\/wp-content\/uploads\/2025\/11\/image-pagecte-cop30-440x260.jpg 440w\" sizes=\"auto, (max-width: 220px) 100vw, 220px\" \/><div class=\"sticky-date\"><div class=\"post-date\"><a href=\"https:\/\/tunisie-verte-durable.org\/index.php\/2025\/11\/10\/\" >10 November 2025<\/a><\/div><\/div><\/div><!-- .post-thumb --><div class=\"post-excerpt\"><p>Face \u00e0 l\u2019urgence climatique, combin\u00e9e \u00e0 la perte de biodiversit\u00e9 et \u00e0 la d\u00e9gradation des terres, la Tunisie<\/p>\n<\/div><!-- .post-excerpt --><div class=\"post-category\"><a href=\"https:\/\/tunisie-verte-durable.org\/index.php\/category\/news\/\">Actualit\u00e9s<\/a>,<a href=\"https:\/\/tunisie-verte-durable.org\/index.php\/category\/pagecte\/\">Pagecte<\/a><\/div><div class=\"entry-title\"><h6><a href=\"https:\/\/tunisie-verte-durable.org\/index.php\/news\/2025\/11\/10\/decloisonner-pour-mieux-negocier-a-la-cop30\/\" class=\"post-title\">D\u00e9cloisonner pour mieux n\u00e9gocier \u00e0 la COP30<\/a><\/h6><\/div><!-- .entry-title --><div class=\"bottom-meta clearfix\"><ul class=\"bottom-meta-list\"><li><div class=\"post-more\"><a class=\"read-more\" href=\"https:\/\/tunisie-verte-durable.org\/index.php\/news\/2025\/11\/10\/decloisonner-pour-mieux-negocier-a-la-cop30\/\">Voir plus<\/a><\/div><\/li><\/ul><\/div><\/div><!-- .blog-inner --><\/div><!-- .cols --><\/div><!-- .row --><div class=\"row\"><div class=\"col-lg-4 col-md-4\"><div class=\"blog-inner\"><div class=\"post-thumb\"><div class=\"post-thumb-overlay\"><a href=\"https:\/\/tunisie-verte-durable.org\/index.php\/news\/2025\/11\/10\/lappel-green4transition-selectionne-tamss-et-initiative-tunisie\/\" class=\"post-link\"><\/a><\/div><img loading=\"lazy\" decoding=\"async\" width=\"220\" height=\"130\" src=\"https:\/\/tunisie-verte-durable.org\/wp-content\/uploads\/2025\/11\/image-greenvoucher-220x130.jpg\" class=\"img-fluid wp-post-image\" alt=\"\" srcset=\"https:\/\/tunisie-verte-durable.org\/wp-content\/uploads\/2025\/11\/image-greenvoucher-220x130.jpg 220w, https:\/\/tunisie-verte-durable.org\/wp-content\/uploads\/2025\/11\/image-greenvoucher-768x456.jpg 768w, https:\/\/tunisie-verte-durable.org\/wp-content\/uploads\/2025\/11\/image-greenvoucher-440x260.jpg 440w\" sizes=\"auto, (max-width: 220px) 100vw, 220px\" \/><div class=\"sticky-date\"><div class=\"post-date\"><a href=\"https:\/\/tunisie-verte-durable.org\/index.php\/2025\/11\/10\/\" >10 November 2025<\/a><\/div><\/div><\/div><!-- .post-thumb --><div class=\"post-excerpt\"><p>Parce que la transition \u00e9cologique se construit \u00e0 l\u2019\u00e9chelle locale, avec des acteurs engag\u00e9s sur le terrain, Greenov\u2019i<\/p>\n<\/div><!-- .post-excerpt --><div class=\"post-category\"><a href=\"https:\/\/tunisie-verte-durable.org\/index.php\/category\/news\/\">Actualit\u00e9s<\/a>,<a href=\"https:\/\/tunisie-verte-durable.org\/index.php\/category\/greenovi\/\">Greenov\u2019i<\/a><\/div><div class=\"entry-title\"><h6><a href=\"https:\/\/tunisie-verte-durable.org\/index.php\/news\/2025\/11\/10\/lappel-green4transition-selectionne-tamss-et-initiative-tunisie\/\" class=\"post-title\">L\u2019appel \u00ab\u00a0Green4Transition\u00a0\u00bb s\u00e9lectionne TAMSS et Initiative Tunisie<\/a><\/h6><\/div><!-- .entry-title --><div class=\"bottom-meta clearfix\"><ul class=\"bottom-meta-list\"><li><div class=\"post-more\"><a class=\"read-more\" href=\"https:\/\/tunisie-verte-durable.org\/index.php\/news\/2025\/11\/10\/lappel-green4transition-selectionne-tamss-et-initiative-tunisie\/\">Voir plus<\/a><\/div><\/li><\/ul><\/div><\/div><!-- .blog-inner --><\/div><!-- .cols --><div class=\"col-lg-4 col-md-4\"><div class=\"blog-inner\"><div class=\"post-thumb\"><div class=\"post-thumb-overlay\"><a href=\"https:\/\/tunisie-verte-durable.org\/index.php\/news\/2025\/11\/10\/nouvel-outil-informatise-pour-la-comptabilite-carbone-des-projets\/\" class=\"post-link\"><\/a><\/div><img loading=\"lazy\" decoding=\"async\" width=\"220\" height=\"130\" src=\"https:\/\/tunisie-verte-durable.org\/wp-content\/uploads\/2025\/11\/image-carbone-interview-220x130.jpg\" class=\"img-fluid wp-post-image\" alt=\"\" srcset=\"https:\/\/tunisie-verte-durable.org\/wp-content\/uploads\/2025\/11\/image-carbone-interview-220x130.jpg 220w, https:\/\/tunisie-verte-durable.org\/wp-content\/uploads\/2025\/11\/image-carbone-interview-768x456.jpg 768w, https:\/\/tunisie-verte-durable.org\/wp-content\/uploads\/2025\/11\/image-carbone-interview-440x260.jpg 440w\" sizes=\"auto, (max-width: 220px) 100vw, 220px\" \/><div class=\"sticky-date\"><div class=\"post-date\"><a href=\"https:\/\/tunisie-verte-durable.org\/index.php\/2025\/11\/10\/\" >10 November 2025<\/a><\/div><\/div><\/div><!-- .post-thumb --><div class=\"post-excerpt\"><p>Le programme \u00ab Tunisie Verte &amp; Durable \u00bb pour l\u2019appui de l\u2019Union europ\u00e9enne \u00e0 l\u2019action environnementale en Tunisie<\/p>\n<\/div><!-- .post-excerpt --><div class=\"post-category\"><a href=\"https:\/\/tunisie-verte-durable.org\/index.php\/category\/news\/\">Actualit\u00e9s<\/a><\/div><div class=\"entry-title\"><h6><a href=\"https:\/\/tunisie-verte-durable.org\/index.php\/news\/2025\/11\/10\/nouvel-outil-informatise-pour-la-comptabilite-carbone-des-projets\/\" class=\"post-title\">Nouvel outil informatis\u00e9 pour la comptabilit\u00e9 carbone des projets<\/a><\/h6><\/div><!-- .entry-title --><div class=\"bottom-meta clearfix\"><ul class=\"bottom-meta-list\"><li><div class=\"post-more\"><a class=\"read-more\" href=\"https:\/\/tunisie-verte-durable.org\/index.php\/news\/2025\/11\/10\/nouvel-outil-informatise-pour-la-comptabilite-carbone-des-projets\/\">Voir plus<\/a><\/div><\/li><\/ul><\/div><\/div><!-- .blog-inner --><\/div><!-- .cols --><div class=\"col-lg-4 col-md-4\"><div class=\"blog-inner\"><div class=\"post-thumb\"><div class=\"post-thumb-overlay\"><a href=\"https:\/\/tunisie-verte-durable.org\/index.php\/news\/2025\/11\/10\/mobidoc-moteur-dune-recherche-engagee-face-aux-defis-environnementaux\/\" class=\"post-link\"><\/a><\/div><img loading=\"lazy\" decoding=\"async\" width=\"220\" height=\"130\" src=\"https:\/\/tunisie-verte-durable.org\/wp-content\/uploads\/2025\/11\/image-aresse-nov-2025-220x130.jpg\" class=\"img-fluid wp-post-image\" alt=\"\" srcset=\"https:\/\/tunisie-verte-durable.org\/wp-content\/uploads\/2025\/11\/image-aresse-nov-2025-220x130.jpg 220w, https:\/\/tunisie-verte-durable.org\/wp-content\/uploads\/2025\/11\/image-aresse-nov-2025-768x456.jpg 768w, https:\/\/tunisie-verte-durable.org\/wp-content\/uploads\/2025\/11\/image-aresse-nov-2025-440x260.jpg 440w\" sizes=\"auto, (max-width: 220px) 100vw, 220px\" \/><div class=\"sticky-date\"><div class=\"post-date\"><a href=\"https:\/\/tunisie-verte-durable.org\/index.php\/2025\/11\/10\/\" >10 November 2025<\/a><\/div><\/div><\/div><!-- .post-thumb --><div class=\"post-excerpt\"><p>Le dispositif MOBIDOC (Mobilit\u00e9 pour les Doctorants et Post-Doctorants) a \u00e9t\u00e9 lanc\u00e9 par l\u2019ANPR en 2012 ayant pour<\/p>\n<\/div><!-- .post-excerpt --><div class=\"post-category\"><a href=\"https:\/\/tunisie-verte-durable.org\/index.php\/category\/news\/\">Actualit\u00e9s<\/a>,<a href=\"https:\/\/tunisie-verte-durable.org\/index.php\/category\/aresse\/\">Aresse<\/a><\/div><div class=\"entry-title\"><h6><a href=\"https:\/\/tunisie-verte-durable.org\/index.php\/news\/2025\/11\/10\/mobidoc-moteur-dune-recherche-engagee-face-aux-defis-environnementaux\/\" class=\"post-title\">MOBIDOC, moteur d\u2019une recherche engag\u00e9e face aux d\u00e9fis environnementaux<\/a><\/h6><\/div><!-- .entry-title --><div class=\"bottom-meta clearfix\"><ul class=\"bottom-meta-list\"><li><div class=\"post-more\"><a class=\"read-more\" href=\"https:\/\/tunisie-verte-durable.org\/index.php\/news\/2025\/11\/10\/mobidoc-moteur-dune-recherche-engagee-face-aux-defis-environnementaux\/\">Voir plus<\/a><\/div><\/li><\/ul><\/div><\/div><!-- .blog-inner --><\/div><!-- .cols --><\/div><!-- .row --><div class=\"row\"><div class=\"col-lg-4 col-md-4\"><div class=\"blog-inner\"><div class=\"post-thumb\"><div class=\"post-thumb-overlay\"><a href=\"https:\/\/tunisie-verte-durable.org\/index.php\/news\/2025\/09\/06\/rencontres-photographiques-de-ghar-el-melh-2025-creativite-durabilite\/\" class=\"post-link\"><\/a><\/div><img loading=\"lazy\" decoding=\"async\" width=\"220\" height=\"130\" src=\"https:\/\/tunisie-verte-durable.org\/wp-content\/uploads\/2025\/09\/photo-gharelmelh-220x130.jpg\" class=\"img-fluid wp-post-image\" alt=\"\" srcset=\"https:\/\/tunisie-verte-durable.org\/wp-content\/uploads\/2025\/09\/photo-gharelmelh-220x130.jpg 220w, https:\/\/tunisie-verte-durable.org\/wp-content\/uploads\/2025\/09\/photo-gharelmelh-436x260.jpg 436w\" sizes=\"auto, (max-width: 220px) 100vw, 220px\" \/><div class=\"sticky-date\"><div class=\"post-date\"><a href=\"https:\/\/tunisie-verte-durable.org\/index.php\/2025\/09\/06\/\" >6 September 2025<\/a><\/div><\/div><\/div><!-- .post-thumb --><div class=\"post-excerpt\"><p>Du 8 au 11 septembre 2025, des talents venus de toute la Tunisie et d\u2019Europe sont rassembl\u00e9s au<\/p>\n<\/div><!-- .post-excerpt --><div class=\"post-category\"><a href=\"https:\/\/tunisie-verte-durable.org\/index.php\/category\/news\/\">Actualit\u00e9s<\/a>,<a href=\"https:\/\/tunisie-verte-durable.org\/index.php\/category\/aresse\/\">Aresse<\/a>,<a href=\"https:\/\/tunisie-verte-durable.org\/index.php\/category\/greenovi\/\">Greenov\u2019i<\/a><\/div><div class=\"entry-title\"><h6><a href=\"https:\/\/tunisie-verte-durable.org\/index.php\/news\/2025\/09\/06\/rencontres-photographiques-de-ghar-el-melh-2025-creativite-durabilite\/\" class=\"post-title\">Rencontres photographiques de Ghar El Melh 2025\u00a0: Cr\u00e9ativit\u00e9 &amp; Durabilit\u00e9<\/a><\/h6><\/div><!-- .entry-title --><div class=\"bottom-meta clearfix\"><ul class=\"bottom-meta-list\"><li><div class=\"post-more\"><a class=\"read-more\" href=\"https:\/\/tunisie-verte-durable.org\/index.php\/news\/2025\/09\/06\/rencontres-photographiques-de-ghar-el-melh-2025-creativite-durabilite\/\">Voir plus<\/a><\/div><\/li><\/ul><\/div><\/div><!-- .blog-inner --><\/div><!-- .cols --><div class=\"col-lg-4 col-md-4\"><div class=\"blog-inner\"><div class=\"post-thumb\"><div class=\"post-thumb-overlay\"><a href=\"https:\/\/tunisie-verte-durable.org\/index.php\/news\/2025\/06\/18\/aresse-une-initiative-pour-relever-les-defis-environnementaux\/\" class=\"post-link\"><\/a><\/div><img loading=\"lazy\" decoding=\"async\" width=\"220\" height=\"130\" src=\"https:\/\/tunisie-verte-durable.org\/wp-content\/uploads\/2025\/06\/photo-event-aresse-1-220x130.jpeg\" class=\"img-fluid wp-post-image\" alt=\"\" srcset=\"https:\/\/tunisie-verte-durable.org\/wp-content\/uploads\/2025\/06\/photo-event-aresse-1-220x130.jpeg 220w, https:\/\/tunisie-verte-durable.org\/wp-content\/uploads\/2025\/06\/photo-event-aresse-1-768x456.jpeg 768w, https:\/\/tunisie-verte-durable.org\/wp-content\/uploads\/2025\/06\/photo-event-aresse-1-1170x694.jpeg 1170w, https:\/\/tunisie-verte-durable.org\/wp-content\/uploads\/2025\/06\/photo-event-aresse-1-440x260.jpeg 440w\" sizes=\"auto, (max-width: 220px) 100vw, 220px\" \/><div class=\"sticky-date\"><div class=\"post-date\"><a href=\"https:\/\/tunisie-verte-durable.org\/index.php\/2025\/06\/18\/\" >18 June 2025<\/a><\/div><\/div><\/div><!-- .post-thumb --><div class=\"post-excerpt\"><p>[vc_row][vc_column][vc_column_text css=&#8221;&#8221;]Sous le patronage de son Excellence Monsieur le Ministre de l&#8217;Enseignement Sup\u00e9rieur et de la Recherche Scientifique,<\/p>\n<\/div><!-- .post-excerpt --><div class=\"post-category\"><a href=\"https:\/\/tunisie-verte-durable.org\/index.php\/category\/news\/\">Actualit\u00e9s<\/a>,<a href=\"https:\/\/tunisie-verte-durable.org\/index.php\/category\/aresse\/\">Aresse<\/a><\/div><div class=\"entry-title\"><h6><a href=\"https:\/\/tunisie-verte-durable.org\/index.php\/news\/2025\/06\/18\/aresse-une-initiative-pour-relever-les-defis-environnementaux\/\" class=\"post-title\">ARESSE, une initiative pour relever les d\u00e9fis environnementaux<\/a><\/h6><\/div><!-- .entry-title --><div class=\"bottom-meta clearfix\"><ul class=\"bottom-meta-list\"><li><div class=\"post-more\"><a class=\"read-more\" href=\"https:\/\/tunisie-verte-durable.org\/index.php\/news\/2025\/06\/18\/aresse-une-initiative-pour-relever-les-defis-environnementaux\/\">Voir plus<\/a><\/div><\/li><\/ul><\/div><\/div><!-- .blog-inner --><\/div><!-- .cols --><div class=\"col-lg-4 col-md-4\"><div class=\"blog-inner\"><div class=\"post-thumb\"><div class=\"post-thumb-overlay\"><a href=\"https:\/\/tunisie-verte-durable.org\/index.php\/news\/2025\/05\/27\/limportance-dagir-a-lechelle-locale\/\" class=\"post-link\"><\/a><\/div><img loading=\"lazy\" decoding=\"async\" width=\"220\" height=\"130\" src=\"https:\/\/tunisie-verte-durable.org\/wp-content\/uploads\/2025\/05\/photo-article-action-locale-220x130.jpg\" class=\"img-fluid wp-post-image\" alt=\"\" srcset=\"https:\/\/tunisie-verte-durable.org\/wp-content\/uploads\/2025\/05\/photo-article-action-locale-220x130.jpg 220w, https:\/\/tunisie-verte-durable.org\/wp-content\/uploads\/2025\/05\/photo-article-action-locale-768x456.jpg 768w, https:\/\/tunisie-verte-durable.org\/wp-content\/uploads\/2025\/05\/photo-article-action-locale-1170x694.jpg 1170w, https:\/\/tunisie-verte-durable.org\/wp-content\/uploads\/2025\/05\/photo-article-action-locale-440x260.jpg 440w\" sizes=\"auto, (max-width: 220px) 100vw, 220px\" \/><div class=\"sticky-date\"><div class=\"post-date\"><a href=\"https:\/\/tunisie-verte-durable.org\/index.php\/2025\/05\/27\/\" >27 May 2025<\/a><\/div><\/div><\/div><!-- .post-thumb --><div class=\"post-excerpt\"><p>[vc_row css=&#8221;.vc_custom_1748359243520{margin-top: -140px !important;margin-bottom: -80px !important;}&#8221;][vc_column][vc_column_text css=&#8221;&#8221;] Penser globalement, agir localement. Ceci reste toujours vrai notamment quand il<\/p>\n<\/div><!-- .post-excerpt --><div class=\"post-category\"><a href=\"https:\/\/tunisie-verte-durable.org\/index.php\/category\/news\/\">Actualit\u00e9s<\/a>,<a href=\"https:\/\/tunisie-verte-durable.org\/index.php\/category\/local\/\">Local<\/a><\/div><div class=\"entry-title\"><h6><a href=\"https:\/\/tunisie-verte-durable.org\/index.php\/news\/2025\/05\/27\/limportance-dagir-a-lechelle-locale\/\" class=\"post-title\">L\u2019IMPORTANCE D\u2019AGIR A L\u2019ECHELLE LOCALE<\/a><\/h6><\/div><!-- .entry-title --><div class=\"bottom-meta clearfix\"><ul class=\"bottom-meta-list\"><li><div class=\"post-more\"><a class=\"read-more\" href=\"https:\/\/tunisie-verte-durable.org\/index.php\/news\/2025\/05\/27\/limportance-dagir-a-lechelle-locale\/\">Voir plus<\/a><\/div><\/li><\/ul><\/div><\/div><!-- .blog-inner --><\/div><!-- .cols --><\/div><!-- .row --><div class=\"row\"><div class=\"col-lg-4 col-md-4\"><div class=\"blog-inner\"><div class=\"post-thumb\"><div class=\"post-thumb-overlay\"><a href=\"https:\/\/tunisie-verte-durable.org\/index.php\/news\/2025\/05\/27\/ecole-durable-apprendre-autrement-vivre-durablement\/\" class=\"post-link\"><\/a><\/div><img loading=\"lazy\" decoding=\"async\" width=\"220\" height=\"130\" src=\"https:\/\/tunisie-verte-durable.org\/wp-content\/uploads\/2025\/05\/photo-aresse-article-1-220x130.jpg\" class=\"img-fluid wp-post-image\" alt=\"\" srcset=\"https:\/\/tunisie-verte-durable.org\/wp-content\/uploads\/2025\/05\/photo-aresse-article-1-220x130.jpg 220w, https:\/\/tunisie-verte-durable.org\/wp-content\/uploads\/2025\/05\/photo-aresse-article-1-768x456.jpg 768w, https:\/\/tunisie-verte-durable.org\/wp-content\/uploads\/2025\/05\/photo-aresse-article-1-440x260.jpg 440w\" sizes=\"auto, (max-width: 220px) 100vw, 220px\" \/><div class=\"sticky-date\"><div class=\"post-date\"><a href=\"https:\/\/tunisie-verte-durable.org\/index.php\/2025\/05\/27\/\" >27 May 2025<\/a><\/div><\/div><\/div><!-- .post-thumb --><div class=\"post-excerpt\"><p>[vc_row][vc_column][vc_column_text css=&#8221;.vc_custom_1748358927324{margin-top: -140px !important;margin-bottom: -80px !important;}&#8221;] Le concept de l\u2019\u00e9cole durable s\u2019inscrit dans une d\u00e9marche globale de d\u00e9veloppement<\/p>\n<\/div><!-- .post-excerpt --><div class=\"post-category\"><a href=\"https:\/\/tunisie-verte-durable.org\/index.php\/category\/news\/\">Actualit\u00e9s<\/a>,<a href=\"https:\/\/tunisie-verte-durable.org\/index.php\/category\/aresse\/\">Aresse<\/a><\/div><div class=\"entry-title\"><h6><a href=\"https:\/\/tunisie-verte-durable.org\/index.php\/news\/2025\/05\/27\/ecole-durable-apprendre-autrement-vivre-durablement\/\" class=\"post-title\">\u00ab\u00a0Ecole Durable\u00a0\u00bb\u00a0: Apprendre autrement, vivre durablement<\/a><\/h6><\/div><!-- .entry-title --><div class=\"bottom-meta clearfix\"><ul class=\"bottom-meta-list\"><li><div class=\"post-more\"><a class=\"read-more\" href=\"https:\/\/tunisie-verte-durable.org\/index.php\/news\/2025\/05\/27\/ecole-durable-apprendre-autrement-vivre-durablement\/\">Voir plus<\/a><\/div><\/li><\/ul><\/div><\/div><!-- .blog-inner --><\/div><!-- .cols --><div class=\"col-lg-4 col-md-4\"><div class=\"blog-inner\"><div class=\"post-thumb\"><div class=\"post-thumb-overlay\"><a href=\"https:\/\/tunisie-verte-durable.org\/index.php\/news\/2025\/05\/27\/renforcer-valoriser-faire-rayonner-greenovi-propulse-linnovation-verte-tunisienne-sur-la-scene-internationale\/\" class=\"post-link\"><\/a><\/div><img loading=\"lazy\" decoding=\"async\" width=\"220\" height=\"130\" src=\"https:\/\/tunisie-verte-durable.org\/wp-content\/uploads\/2025\/05\/photo-1-article-1-greenovi-220x130.jpg\" class=\"img-fluid wp-post-image\" alt=\"\" srcset=\"https:\/\/tunisie-verte-durable.org\/wp-content\/uploads\/2025\/05\/photo-1-article-1-greenovi-220x130.jpg 220w, https:\/\/tunisie-verte-durable.org\/wp-content\/uploads\/2025\/05\/photo-1-article-1-greenovi-768x456.jpg 768w, https:\/\/tunisie-verte-durable.org\/wp-content\/uploads\/2025\/05\/photo-1-article-1-greenovi-1170x694.jpg 1170w, https:\/\/tunisie-verte-durable.org\/wp-content\/uploads\/2025\/05\/photo-1-article-1-greenovi-440x260.jpg 440w\" sizes=\"auto, (max-width: 220px) 100vw, 220px\" \/><div class=\"sticky-date\"><div class=\"post-date\"><a href=\"https:\/\/tunisie-verte-durable.org\/index.php\/2025\/05\/27\/\" >27 May 2025<\/a><\/div><\/div><\/div><!-- .post-thumb --><div class=\"post-excerpt\"><p>[vc_row css=&#8221;.vc_custom_1748357518376{margin-top: -140px !important;margin-bottom: -80px !important;}&#8221;][vc_column][vc_column_text css=&#8221;&#8221;] En Tunisie, l\u2019innovation progresse, mais la transition vers une \u00e9conomie plus<\/p>\n<\/div><!-- .post-excerpt --><div class=\"post-category\"><a href=\"https:\/\/tunisie-verte-durable.org\/index.php\/category\/news\/\">Actualit\u00e9s<\/a>,<a href=\"https:\/\/tunisie-verte-durable.org\/index.php\/category\/greenovi\/\">Greenov\u2019i<\/a><\/div><div class=\"entry-title\"><h6><a href=\"https:\/\/tunisie-verte-durable.org\/index.php\/news\/2025\/05\/27\/renforcer-valoriser-faire-rayonner-greenovi-propulse-linnovation-verte-tunisienne-sur-la-scene-internationale\/\" class=\"post-title\">Renforcer, valoriser, faire rayonner : Greenov\u2019i propulse l\u2019innovation verte tunisienne sur la sc\u00e8ne internationale.<\/a><\/h6><\/div><!-- .entry-title --><div class=\"bottom-meta clearfix\"><ul class=\"bottom-meta-list\"><li><div class=\"post-more\"><a class=\"read-more\" href=\"https:\/\/tunisie-verte-durable.org\/index.php\/news\/2025\/05\/27\/renforcer-valoriser-faire-rayonner-greenovi-propulse-linnovation-verte-tunisienne-sur-la-scene-internationale\/\">Voir plus<\/a><\/div><\/li><\/ul><\/div><\/div><!-- .blog-inner --><\/div><!-- .cols --><div class=\"col-lg-4 col-md-4\"><div class=\"blog-inner\"><div class=\"post-thumb\"><div class=\"post-thumb-overlay\"><a href=\"https:\/\/tunisie-verte-durable.org\/index.php\/news\/2025\/05\/27\/le-podcast-video-de-tunisie-verte-durable-bientot-sur-vos-ecrans\/\" class=\"post-link\"><\/a><\/div><img loading=\"lazy\" decoding=\"async\" width=\"220\" height=\"130\" src=\"https:\/\/tunisie-verte-durable.org\/wp-content\/uploads\/2025\/05\/photo-article-podcast-220x130.jpg\" class=\"img-fluid wp-post-image\" alt=\"\" srcset=\"https:\/\/tunisie-verte-durable.org\/wp-content\/uploads\/2025\/05\/photo-article-podcast-220x130.jpg 220w, https:\/\/tunisie-verte-durable.org\/wp-content\/uploads\/2025\/05\/photo-article-podcast-768x456.jpg 768w, https:\/\/tunisie-verte-durable.org\/wp-content\/uploads\/2025\/05\/photo-article-podcast-1170x694.jpg 1170w, https:\/\/tunisie-verte-durable.org\/wp-content\/uploads\/2025\/05\/photo-article-podcast-440x260.jpg 440w\" sizes=\"auto, (max-width: 220px) 100vw, 220px\" \/><div class=\"sticky-date\"><div class=\"post-date\"><a href=\"https:\/\/tunisie-verte-durable.org\/index.php\/2025\/05\/27\/\" >27 May 2025<\/a><\/div><\/div><\/div><!-- .post-thumb --><div class=\"post-excerpt\"><p>[vc_row css=&#8221;.vc_custom_1748357376395{margin-top: -140px !important;margin-bottom: -80px !important;}&#8221;][vc_column][vc_column_text css=&#8221;&#8221;] Un nouveau canal de communication a \u00e9t\u00e9 produit par le programme<\/p>\n<\/div><!-- .post-excerpt --><div class=\"post-category\"><a href=\"https:\/\/tunisie-verte-durable.org\/index.php\/category\/news\/\">Actualit\u00e9s<\/a><\/div><div class=\"entry-title\"><h6><a href=\"https:\/\/tunisie-verte-durable.org\/index.php\/news\/2025\/05\/27\/le-podcast-video-de-tunisie-verte-durable-bientot-sur-vos-ecrans\/\" class=\"post-title\">Le Podcast Vid\u00e9o de &#8220;Tunisie Verte &amp; Durable&#8221; sur vos \u00e9crans<\/a><\/h6><\/div><!-- .entry-title --><div class=\"bottom-meta clearfix\"><ul class=\"bottom-meta-list\"><li><div class=\"post-more\"><a class=\"read-more\" href=\"https:\/\/tunisie-verte-durable.org\/index.php\/news\/2025\/05\/27\/le-podcast-video-de-tunisie-verte-durable-bientot-sur-vos-ecrans\/\">Voir plus<\/a><\/div><\/li><\/ul><\/div><\/div><!-- .blog-inner --><\/div><!-- .cols --><\/div><!-- .row --><div class=\"row\"><div class=\"col-lg-4 col-md-4\"><div class=\"blog-inner\"><div class=\"post-thumb\"><div class=\"post-thumb-overlay\"><a href=\"https:\/\/tunisie-verte-durable.org\/index.php\/news\/2025\/05\/27\/a-la-croisee-des-projets-identifier-les-synergies-pour-amplifier-limpact-des-projets\/\" class=\"post-link\"><\/a><\/div><img loading=\"lazy\" decoding=\"async\" width=\"220\" height=\"130\" src=\"https:\/\/tunisie-verte-durable.org\/wp-content\/uploads\/2025\/05\/photo-synergie-220x130.jpg\" class=\"img-fluid wp-post-image\" alt=\"\" srcset=\"https:\/\/tunisie-verte-durable.org\/wp-content\/uploads\/2025\/05\/photo-synergie-220x130.jpg 220w, https:\/\/tunisie-verte-durable.org\/wp-content\/uploads\/2025\/05\/photo-synergie-768x456.jpg 768w, https:\/\/tunisie-verte-durable.org\/wp-content\/uploads\/2025\/05\/photo-synergie-440x260.jpg 440w\" sizes=\"auto, (max-width: 220px) 100vw, 220px\" \/><div class=\"sticky-date\"><div class=\"post-date\"><a href=\"https:\/\/tunisie-verte-durable.org\/index.php\/2025\/05\/27\/\" >27 May 2025<\/a><\/div><\/div><\/div><!-- .post-thumb --><div class=\"post-excerpt\"><p>[vc_row css=&#8221;.vc_custom_1748356641329{margin-top: -140px !important;}&#8221;][vc_column][vc_column_text css=&#8221;&#8221;]Le Programme de l\u2019Union europ\u00e9enne, \u00ab\u00a0Tunisie Verte &amp; Durable\u00a0\u00bb, appuie l\u2019action environnementale en Tunisie<\/p>\n<\/div><!-- .post-excerpt --><div class=\"post-category\"><a href=\"https:\/\/tunisie-verte-durable.org\/index.php\/category\/news\/\">Actualit\u00e9s<\/a><\/div><div class=\"entry-title\"><h6><a href=\"https:\/\/tunisie-verte-durable.org\/index.php\/news\/2025\/05\/27\/a-la-croisee-des-projets-identifier-les-synergies-pour-amplifier-limpact-des-projets\/\" class=\"post-title\">\u00c0 la crois\u00e9e des projets : identifier les synergies pour amplifier l&#8217;impact des projets<\/a><\/h6><\/div><!-- .entry-title --><div class=\"bottom-meta clearfix\"><ul class=\"bottom-meta-list\"><li><div class=\"post-more\"><a class=\"read-more\" href=\"https:\/\/tunisie-verte-durable.org\/index.php\/news\/2025\/05\/27\/a-la-croisee-des-projets-identifier-les-synergies-pour-amplifier-limpact-des-projets\/\">Voir plus<\/a><\/div><\/li><\/ul><\/div><\/div><!-- .blog-inner --><\/div><!-- .cols --><div class=\"col-lg-4 col-md-4\"><div class=\"blog-inner\"><div class=\"post-thumb\"><div class=\"post-thumb-overlay\"><a href=\"https:\/\/tunisie-verte-durable.org\/index.php\/news\/2025\/05\/27\/vif-interet-de-la-communaute-scientifique-tunisienne-pour-lappel-green-impact\/\" class=\"post-link\"><\/a><\/div><img loading=\"lazy\" decoding=\"async\" width=\"220\" height=\"130\" src=\"https:\/\/tunisie-verte-durable.org\/wp-content\/uploads\/2025\/05\/photo-aresse-Article-2-220x130.jpg\" class=\"img-fluid wp-post-image\" alt=\"\" srcset=\"https:\/\/tunisie-verte-durable.org\/wp-content\/uploads\/2025\/05\/photo-aresse-Article-2-220x130.jpg 220w, https:\/\/tunisie-verte-durable.org\/wp-content\/uploads\/2025\/05\/photo-aresse-Article-2-768x456.jpg 768w, https:\/\/tunisie-verte-durable.org\/wp-content\/uploads\/2025\/05\/photo-aresse-Article-2-440x260.jpg 440w\" sizes=\"auto, (max-width: 220px) 100vw, 220px\" \/><div class=\"sticky-date\"><div class=\"post-date\"><a href=\"https:\/\/tunisie-verte-durable.org\/index.php\/2025\/05\/27\/\" >27 May 2025<\/a><\/div><\/div><\/div><!-- .post-thumb --><div class=\"post-excerpt\"><p>[vc_row][vc_column][vc_column_text css=&#8221;&#8221;] Dans le cadre des d\u00e9fis urgents pos\u00e9s par le changement climatique, la Tunisie a pris des<\/p>\n<\/div><!-- .post-excerpt --><div class=\"post-category\"><a href=\"https:\/\/tunisie-verte-durable.org\/index.php\/category\/news\/\">Actualit\u00e9s<\/a>,<a href=\"https:\/\/tunisie-verte-durable.org\/index.php\/category\/aresse\/\">Aresse<\/a><\/div><div class=\"entry-title\"><h6><a href=\"https:\/\/tunisie-verte-durable.org\/index.php\/news\/2025\/05\/27\/vif-interet-de-la-communaute-scientifique-tunisienne-pour-lappel-green-impact\/\" class=\"post-title\">Vif int\u00e9r\u00eat de la communaut\u00e9 scientifique tunisienne pour l\u2019appel \u00ab Green Impact \u00bb<\/a><\/h6><\/div><!-- .entry-title --><div class=\"bottom-meta clearfix\"><ul class=\"bottom-meta-list\"><li><div class=\"post-more\"><a class=\"read-more\" href=\"https:\/\/tunisie-verte-durable.org\/index.php\/news\/2025\/05\/27\/vif-interet-de-la-communaute-scientifique-tunisienne-pour-lappel-green-impact\/\">Voir plus<\/a><\/div><\/li><\/ul><\/div><\/div><!-- .blog-inner --><\/div><!-- .cols --><div class=\"col-lg-4 col-md-4\"><div class=\"blog-inner\"><div class=\"post-thumb\"><div class=\"post-thumb-overlay\"><a href=\"https:\/\/tunisie-verte-durable.org\/index.php\/news\/2025\/05\/27\/pagecte-lallie-strategique-dune-heroine-ancestrale-la-tunisie-fille-de-carthage-gardienne-de-demain\/\" class=\"post-link\"><\/a><\/div><img loading=\"lazy\" decoding=\"async\" width=\"220\" height=\"130\" src=\"https:\/\/tunisie-verte-durable.org\/wp-content\/uploads\/2025\/05\/photo-1-article-1-pagecte-220x130.jpg\" class=\"img-fluid wp-post-image\" alt=\"\" srcset=\"https:\/\/tunisie-verte-durable.org\/wp-content\/uploads\/2025\/05\/photo-1-article-1-pagecte-220x130.jpg 220w, https:\/\/tunisie-verte-durable.org\/wp-content\/uploads\/2025\/05\/photo-1-article-1-pagecte-768x456.jpg 768w, https:\/\/tunisie-verte-durable.org\/wp-content\/uploads\/2025\/05\/photo-1-article-1-pagecte-440x260.jpg 440w\" sizes=\"auto, (max-width: 220px) 100vw, 220px\" \/><div class=\"sticky-date\"><div class=\"post-date\"><a href=\"https:\/\/tunisie-verte-durable.org\/index.php\/2025\/05\/27\/\" >27 May 2025<\/a><\/div><\/div><\/div><!-- .post-thumb --><div class=\"post-excerpt\"><p>[vc_row][vc_column][vc_column_text css=&#8221;&#8221;] Il \u00e9tait une fois\u2026 une terre de feu et de sagesse. Fi\u00e8re, forte par son histoire,<\/p>\n<\/div><!-- .post-excerpt --><div class=\"post-category\"><a href=\"https:\/\/tunisie-verte-durable.org\/index.php\/category\/news\/\">Actualit\u00e9s<\/a>,<a href=\"https:\/\/tunisie-verte-durable.org\/index.php\/category\/pagecte\/\">Pagecte<\/a><\/div><div class=\"entry-title\"><h6><a href=\"https:\/\/tunisie-verte-durable.org\/index.php\/news\/2025\/05\/27\/pagecte-lallie-strategique-dune-heroine-ancestrale-la-tunisie-fille-de-carthage-gardienne-de-demain\/\" class=\"post-title\">PAGECTE : l&#8217;alli\u00e9 strat\u00e9gique d&#8217;une h\u00e9ro\u00efne ancestrale \u2014 La Tunisie, fille de Carthage, gardienne de demain<\/a><\/h6><\/div><!-- .entry-title --><div class=\"bottom-meta clearfix\"><ul class=\"bottom-meta-list\"><li><div class=\"post-more\"><a class=\"read-more\" href=\"https:\/\/tunisie-verte-durable.org\/index.php\/news\/2025\/05\/27\/pagecte-lallie-strategique-dune-heroine-ancestrale-la-tunisie-fille-de-carthage-gardienne-de-demain\/\">Voir plus<\/a><\/div><\/li><\/ul><\/div><\/div><!-- .blog-inner --><\/div><!-- .cols --><\/div><!-- .row --><div class=\"row\"><div class=\"col-lg-4 col-md-4\"><div class=\"blog-inner\"><div class=\"post-thumb\"><div class=\"post-thumb-overlay\"><a href=\"https:\/\/tunisie-verte-durable.org\/index.php\/news\/2025\/05\/20\/lancement-officiel-de-linitiative-greentech-tunisie-une-impulsion-strategique-pour-linnovation-verte\/\" class=\"post-link\"><\/a><\/div><img loading=\"lazy\" decoding=\"async\" width=\"220\" height=\"130\" src=\"https:\/\/tunisie-verte-durable.org\/wp-content\/uploads\/2025\/05\/photo-article-greenovi-greentech-220x130.jpg\" class=\"img-fluid wp-post-image\" alt=\"\" srcset=\"https:\/\/tunisie-verte-durable.org\/wp-content\/uploads\/2025\/05\/photo-article-greenovi-greentech-220x130.jpg 220w, https:\/\/tunisie-verte-durable.org\/wp-content\/uploads\/2025\/05\/photo-article-greenovi-greentech-768x456.jpg 768w, https:\/\/tunisie-verte-durable.org\/wp-content\/uploads\/2025\/05\/photo-article-greenovi-greentech-1170x694.jpg 1170w, https:\/\/tunisie-verte-durable.org\/wp-content\/uploads\/2025\/05\/photo-article-greenovi-greentech-440x260.jpg 440w\" sizes=\"auto, (max-width: 220px) 100vw, 220px\" \/><div class=\"sticky-date\"><div class=\"post-date\"><a href=\"https:\/\/tunisie-verte-durable.org\/index.php\/2025\/05\/20\/\" >20 May 2025<\/a><\/div><\/div><\/div><!-- .post-thumb --><div class=\"post-excerpt\"><p>[vc_row css=&#8221;.vc_custom_1747748792216{margin-top: -80px !important;margin-bottom: -140px !important;}&#8221;][vc_column][vc_column_text css=&#8221;&#8221;] Tunis, le 30 avril 2025 \u2013 La Tunisie amorce une nouvelle<\/p>\n<\/div><!-- .post-excerpt --><div class=\"post-category\"><a href=\"https:\/\/tunisie-verte-durable.org\/index.php\/category\/news\/\">Actualit\u00e9s<\/a>,<a href=\"https:\/\/tunisie-verte-durable.org\/index.php\/category\/greenovi\/\">Greenov\u2019i<\/a><\/div><div class=\"entry-title\"><h6><a href=\"https:\/\/tunisie-verte-durable.org\/index.php\/news\/2025\/05\/20\/lancement-officiel-de-linitiative-greentech-tunisie-une-impulsion-strategique-pour-linnovation-verte\/\" class=\"post-title\">Lancement officiel de l\u2019Initiative Greentech Tunisie : Une impulsion strat\u00e9gique pour l\u2019innovation verte<\/a><\/h6><\/div><!-- .entry-title --><div class=\"bottom-meta clearfix\"><ul class=\"bottom-meta-list\"><li><div class=\"post-more\"><a class=\"read-more\" href=\"https:\/\/tunisie-verte-durable.org\/index.php\/news\/2025\/05\/20\/lancement-officiel-de-linitiative-greentech-tunisie-une-impulsion-strategique-pour-linnovation-verte\/\">Voir plus<\/a><\/div><\/li><\/ul><\/div><\/div><!-- .blog-inner --><\/div><!-- .cols --><div class=\"col-lg-4 col-md-4\"><div class=\"blog-inner\"><div class=\"post-thumb\"><div class=\"post-thumb-overlay\"><a href=\"https:\/\/tunisie-verte-durable.org\/index.php\/news\/2025\/04\/22\/apprendre-a-produire-son-bilan-carbone\/\" class=\"post-link\"><\/a><\/div><img loading=\"lazy\" decoding=\"async\" width=\"220\" height=\"130\" src=\"https:\/\/tunisie-verte-durable.org\/wp-content\/uploads\/2025\/04\/photo-220x130.jpg\" class=\"img-fluid wp-post-image\" alt=\"\" srcset=\"https:\/\/tunisie-verte-durable.org\/wp-content\/uploads\/2025\/04\/photo-220x130.jpg 220w, https:\/\/tunisie-verte-durable.org\/wp-content\/uploads\/2025\/04\/photo-768x453.jpg 768w, https:\/\/tunisie-verte-durable.org\/wp-content\/uploads\/2025\/04\/photo-1170x694.jpg 1170w, https:\/\/tunisie-verte-durable.org\/wp-content\/uploads\/2025\/04\/photo-1536x906.jpg 1536w, https:\/\/tunisie-verte-durable.org\/wp-content\/uploads\/2025\/04\/photo-2048x1208.jpg 2048w, https:\/\/tunisie-verte-durable.org\/wp-content\/uploads\/2025\/04\/photo-440x260.jpg 440w, https:\/\/tunisie-verte-durable.org\/wp-content\/uploads\/2025\/04\/photo-1320x779.jpg 1320w\" sizes=\"auto, (max-width: 220px) 100vw, 220px\" \/><div class=\"sticky-date\"><div class=\"post-date\"><a href=\"https:\/\/tunisie-verte-durable.org\/index.php\/2025\/04\/22\/\" >22 April 2025<\/a><\/div><\/div><\/div><!-- .post-thumb --><div class=\"post-excerpt\"><p>[vc_row css=&#8221;.vc_custom_1538637735250{padding-top: 0px !important;padding-bottom: 0px !important;}&#8221; el_class=&#8221;single-post&#8221;][vc_column][vc_column_text css=&#8221;.vc_custom_1745339413927{margin-bottom: -40px !important;}&#8221; el_class=&#8221;single-post-content&#8221;] Suivre et contr\u00f4ler le niveau des \u00e9missions<\/p>\n<\/div><!-- .post-excerpt --><div class=\"post-category\"><a href=\"https:\/\/tunisie-verte-durable.org\/index.php\/category\/news\/\">Actualit\u00e9s<\/a><\/div><div class=\"entry-title\"><h6><a href=\"https:\/\/tunisie-verte-durable.org\/index.php\/news\/2025\/04\/22\/apprendre-a-produire-son-bilan-carbone\/\" class=\"post-title\">Apprendre \u00e0 produire son Bilan Carbone<\/a><\/h6><\/div><!-- .entry-title --><div class=\"bottom-meta clearfix\"><ul class=\"bottom-meta-list\"><li><div class=\"post-more\"><a class=\"read-more\" href=\"https:\/\/tunisie-verte-durable.org\/index.php\/news\/2025\/04\/22\/apprendre-a-produire-son-bilan-carbone\/\">Voir plus<\/a><\/div><\/li><\/ul><\/div><\/div><!-- .blog-inner --><\/div><!-- .cols --><\/div><!-- .row --><\/div><!-- .blog-wrapper -->[\/vc_column_inner][\/vc_row_inner][\/vc_column][\/vc_row]<\/p>\n<\/div>","protected":false},"excerpt":{"rendered":"<p>[vc_row full_width=&#8221;stretch_row&#8221; css=&#8221;.vc_custom_1549878729275{padding-top: 120px !important;padding-bottom: 80px !important;}&#8221;][vc_column][vc_row_inner][vc_column_inner][\/vc_column_inner][\/vc_row_inner][\/vc_column][\/vc_row]<\/p>\n","protected":false},"author":1,"featured_media":0,"parent":0,"menu_order":0,"comment_status":"closed","ping_status":"closed","template":"","meta":{"_piecal_is_event":false,"_piecal_start_date":"","_piecal_end_date":"","_piecal_is_allday":false,"footnotes":""},"class_list":["post-218","page","type-page","status-publish","hentry"],"aioseo_notices":[],"_links":{"self":[{"href":"https:\/\/tunisie-verte-durable.org\/index.php\/wp-json\/wp\/v2\/pages\/218","targetHints":{"allow":["GET"]}}],"collection":[{"href":"https:\/\/tunisie-verte-durable.org\/index.php\/wp-json\/wp\/v2\/pages"}],"about":[{"href":"https:\/\/tunisie-verte-durable.org\/index.php\/wp-json\/wp\/v2\/types\/page"}],"author":[{"embeddable":true,"href":"https:\/\/tunisie-verte-durable.org\/index.php\/wp-json\/wp\/v2\/users\/1"}],"replies":[{"embeddable":true,"href":"https:\/\/tunisie-verte-durable.org\/index.php\/wp-json\/wp\/v2\/comments?post=218"}],"version-history":[{"count":7,"href":"https:\/\/tunisie-verte-durable.org\/index.php\/wp-json\/wp\/v2\/pages\/218\/revisions"}],"predecessor-version":[{"id":6332,"href":"https:\/\/tunisie-verte-durable.org\/index.php\/wp-json\/wp\/v2\/pages\/218\/revisions\/6332"}],"wp:attachment":[{"href":"https:\/\/tunisie-verte-durable.org\/index.php\/wp-json\/wp\/v2\/media?parent=218"}],"curies":[{"name":"wp","href":"https:\/\/api.w.org\/{rel}","templated":true}]}}