{"id":3238,"date":"2018-11-27T12:32:28","date_gmt":"2018-11-27T12:32:28","guid":{"rendered":"http:\/\/demo.zozothemes.com\/breno\/?page_id=3238"},"modified":"2025-05-30T23:30:11","modified_gmt":"2025-05-30T21:30:11","slug":"events","status":"publish","type":"page","link":"https:\/\/tunisie-verte-durable.org\/index.php\/events\/","title":{"rendered":"\u00c9v\u00e8nements"},"content":{"rendered":"<div class=\"wpb-content-wrapper\"><p>[vc_row full_width=&#8221;stretch_row&#8221; css=&#8221;.vc_custom_1549711220114{padding-bottom: 100px !important;}&#8221;][vc_column]<div class=\"events-wrapper events-grid event-style-2 events-light shortcode-rand-1 breno-inline-css\" data-css=\"&quot;.shortcode-rand-1.events-wrapper .events-inner &gt; *:nth-child(1) { margin-bottom: 71px; }.shortcode-rand-1.events-wrapper .events-inner &gt; *:nth-child(2) { margin-bottom: 10px; }.shortcode-rand-1.events-wrapper .events-inner &gt; *:nth-child(3) { margin-bottom: 20px; }&quot;\"><div class=\"row\"><div class=\"col-lg-4 col-md-4\"><div class=\"events-inner\"><span class=\"event-status\">Clotur\u00e9<\/span><div class=\"events-thumb\"><img loading=\"lazy\" decoding=\"async\" width=\"440\" height=\"260\" src=\"https:\/\/tunisie-verte-durable.org\/wp-content\/uploads\/2026\/02\/visuel-1-440x260.jpg\" class=\"img-fluid wp-post-image\" alt=\"\" srcset=\"https:\/\/tunisie-verte-durable.org\/wp-content\/uploads\/2026\/02\/visuel-1-440x260.jpg 440w, https:\/\/tunisie-verte-durable.org\/wp-content\/uploads\/2026\/02\/visuel-1-768x456.jpg 768w, https:\/\/tunisie-verte-durable.org\/wp-content\/uploads\/2026\/02\/visuel-1-1170x694.jpg 1170w, https:\/\/tunisie-verte-durable.org\/wp-content\/uploads\/2026\/02\/visuel-1-220x130.jpg 220w\" sizes=\"auto, (max-width: 440px) 100vw, 440px\" \/><div class=\"events-date\">11 February 2026<span class=\"event-venue\">Hotel E...<\/span><span class=\"event-time\">09:00<\/span><\/div><!-- .events-date --><\/div><!-- .events-thumb --><div class=\"events-title\"><h4><a href=\"https:\/\/tunisie-verte-durable.org\/index.php\/event\/ceremonie-de-signature-des-conventions-green-impact-2026\/\" class=\"entry-title\">C\u00e9r\u00e9monie de Signature des conventions Green Impact 2026<\/a><\/h4><\/div><!-- .events-title --><div class=\"post-more\"><a class=\"read-more\" href=\"https:\/\/tunisie-verte-durable.org\/index.php\/event\/ceremonie-de-signature-des-conventions-green-impact-2026\/\">Read More<\/a><\/div><\/div><!-- .events-inner --><\/div><!-- .cols --><div class=\"col-lg-4 col-md-4\"><div class=\"events-inner\"><span class=\"event-status\">Clotur\u00e9<\/span><div class=\"events-thumb\"><img loading=\"lazy\" decoding=\"async\" width=\"440\" height=\"260\" src=\"https:\/\/tunisie-verte-durable.org\/wp-content\/uploads\/2025\/11\/image-event-pagecte-foret-440x260.jpg\" class=\"img-fluid wp-post-image\" alt=\"\" srcset=\"https:\/\/tunisie-verte-durable.org\/wp-content\/uploads\/2025\/11\/image-event-pagecte-foret-440x260.jpg 440w, https:\/\/tunisie-verte-durable.org\/wp-content\/uploads\/2025\/11\/image-event-pagecte-foret-768x456.jpg 768w, https:\/\/tunisie-verte-durable.org\/wp-content\/uploads\/2025\/11\/image-event-pagecte-foret-220x130.jpg 220w\" sizes=\"auto, (max-width: 440px) 100vw, 440px\" \/><div class=\"events-date\">14 November 2025<span class=\"event-venue\">Cit\u00e9 d...<\/span><span class=\"event-time\">08:30<\/span><\/div><!-- .events-date --><\/div><!-- .events-thumb --><div class=\"events-title\"><h4><a href=\"https:\/\/tunisie-verte-durable.org\/index.php\/event\/forets-et-societe-civile-en-tunisie\/\" class=\"entry-title\">For\u00eats et Soci\u00e9t\u00e9 Civile en Tunisie<\/a><\/h4><\/div><!-- .events-title --><div class=\"post-more\"><a class=\"read-more\" href=\"https:\/\/tunisie-verte-durable.org\/index.php\/event\/forets-et-societe-civile-en-tunisie\/\">Read More<\/a><\/div><\/div><!-- .events-inner --><\/div><!-- .cols --><div class=\"col-lg-4 col-md-4\"><div class=\"events-inner\"><span class=\"event-status\">Clotur\u00e9<\/span><div class=\"events-thumb\"><img loading=\"lazy\" decoding=\"async\" width=\"440\" height=\"260\" src=\"https:\/\/tunisie-verte-durable.org\/wp-content\/uploads\/2025\/11\/image-mobidoc-440x260.jpg\" class=\"img-fluid wp-post-image\" alt=\"\" srcset=\"https:\/\/tunisie-verte-durable.org\/wp-content\/uploads\/2025\/11\/image-mobidoc-440x260.jpg 440w, https:\/\/tunisie-verte-durable.org\/wp-content\/uploads\/2025\/11\/image-mobidoc-768x456.jpg 768w, https:\/\/tunisie-verte-durable.org\/wp-content\/uploads\/2025\/11\/image-mobidoc-220x130.jpg 220w\" sizes=\"auto, (max-width: 440px) 100vw, 440px\" \/><div class=\"events-date\">12 November 2025<span class=\"event-venue\">Cit\u00e9 d...<\/span><span class=\"event-time\">08:30<\/span><\/div><!-- .events-date --><\/div><!-- .events-thumb --><div class=\"events-title\"><h4><a href=\"https:\/\/tunisie-verte-durable.org\/index.php\/event\/signature-des-conventions-mobidoc-green-post-doc\/\" class=\"entry-title\">Signature des conventions MOBIDOC GREEN Post Doc<\/a><\/h4><\/div><!-- .events-title --><div class=\"post-more\"><a class=\"read-more\" href=\"https:\/\/tunisie-verte-durable.org\/index.php\/event\/signature-des-conventions-mobidoc-green-post-doc\/\">Read More<\/a><\/div><\/div><!-- .events-inner --><\/div><!-- .cols --><\/div><!-- .row --><div class=\"row\"><div class=\"col-lg-4 col-md-4\"><div class=\"events-inner\"><span class=\"event-status\">Clotur\u00e9<\/span><div class=\"events-thumb\"><img loading=\"lazy\" decoding=\"async\" width=\"440\" height=\"260\" src=\"https:\/\/tunisie-verte-durable.org\/wp-content\/uploads\/2025\/06\/photo-event-440x260.jpg\" class=\"img-fluid wp-post-image\" alt=\"\" srcset=\"https:\/\/tunisie-verte-durable.org\/wp-content\/uploads\/2025\/06\/photo-event-440x260.jpg 440w, https:\/\/tunisie-verte-durable.org\/wp-content\/uploads\/2025\/06\/photo-event-220x130.jpg 220w\" sizes=\"auto, (max-width: 440px) 100vw, 440px\" \/><div class=\"events-date\">18 June 2025<span class=\"event-venue\">H\u00f4tel ...<\/span><span class=\"event-time\">08:30 am<\/span><\/div><!-- .events-date --><\/div><!-- .events-thumb --><div class=\"events-title\"><h4><a href=\"https:\/\/tunisie-verte-durable.org\/index.php\/event\/vertdemain-aresse-pour-relever-les-defis-environnementaux\/\" class=\"entry-title\">VERT\u2019DEMAIN : ARESSE, pour relever les d\u00e9fis environnementaux<\/a><\/h4><\/div><!-- .events-title --><div class=\"post-more\"><a class=\"read-more\" href=\"https:\/\/tunisie-verte-durable.org\/index.php\/event\/vertdemain-aresse-pour-relever-les-defis-environnementaux\/\">Read More<\/a><\/div><\/div><!-- .events-inner --><\/div><!-- .cols --><div class=\"col-lg-4 col-md-4\"><div class=\"events-inner\"><span class=\"event-status\">Clotur\u00e9<\/span><div class=\"events-thumb\"><img loading=\"lazy\" decoding=\"async\" width=\"440\" height=\"260\" src=\"https:\/\/tunisie-verte-durable.org\/wp-content\/uploads\/2024\/11\/LOGO-GREEN-IMPACT-440x260.jpg\" class=\"img-fluid wp-post-image\" alt=\"\" srcset=\"https:\/\/tunisie-verte-durable.org\/wp-content\/uploads\/2024\/11\/LOGO-GREEN-IMPACT-440x260.jpg 440w, https:\/\/tunisie-verte-durable.org\/wp-content\/uploads\/2024\/11\/LOGO-GREEN-IMPACT-220x130.jpg 220w\" sizes=\"auto, (max-width: 440px) 100vw, 440px\" \/><div class=\"events-date\">24 January 2025<span class=\"event-venue\">Tunis<\/span><span class=\"event-time\">7.00 am<\/span><\/div><!-- .events-date --><\/div><!-- .events-thumb --><div class=\"events-title\"><h4><a href=\"https:\/\/tunisie-verte-durable.org\/index.php\/event\/journee-dinformation-green-impact\/\" class=\"entry-title\">Journ\u00e9e d&#8217;information \u00ab Green Impact \u00bb<\/a><\/h4><\/div><!-- .events-title --><div class=\"post-more\"><a class=\"read-more\" href=\"https:\/\/tunisie-verte-durable.org\/index.php\/event\/journee-dinformation-green-impact\/\">Read More<\/a><\/div><\/div><!-- .events-inner --><\/div><!-- .cols --><\/div><!-- .row --><\/div><!-- .events-wrapper -->[\/vc_column][\/vc_row]<\/p>\n<\/div>","protected":false},"excerpt":{"rendered":"<p>[vc_row full_width=&#8221;stretch_row&#8221; css=&#8221;.vc_custom_1549711220114{padding-bottom: 100px !important;}&#8221;][vc_column][\/vc_column][\/vc_row]<\/p>\n","protected":false},"author":1,"featured_media":0,"parent":0,"menu_order":0,"comment_status":"closed","ping_status":"closed","template":"","meta":{"_piecal_is_event":false,"_piecal_start_date":"","_piecal_end_date":"","_piecal_is_allday":false,"footnotes":""},"class_list":["post-3238","page","type-page","status-publish","hentry"],"aioseo_notices":[],"_links":{"self":[{"href":"https:\/\/tunisie-verte-durable.org\/index.php\/wp-json\/wp\/v2\/pages\/3238","targetHints":{"allow":["GET"]}}],"collection":[{"href":"https:\/\/tunisie-verte-durable.org\/index.php\/wp-json\/wp\/v2\/pages"}],"about":[{"href":"https:\/\/tunisie-verte-durable.org\/index.php\/wp-json\/wp\/v2\/types\/page"}],"author":[{"embeddable":true,"href":"https:\/\/tunisie-verte-durable.org\/index.php\/wp-json\/wp\/v2\/users\/1"}],"replies":[{"embeddable":true,"href":"https:\/\/tunisie-verte-durable.org\/index.php\/wp-json\/wp\/v2\/comments?post=3238"}],"version-history":[{"count":7,"href":"https:\/\/tunisie-verte-durable.org\/index.php\/wp-json\/wp\/v2\/pages\/3238\/revisions"}],"predecessor-version":[{"id":6640,"href":"https:\/\/tunisie-verte-durable.org\/index.php\/wp-json\/wp\/v2\/pages\/3238\/revisions\/6640"}],"wp:attachment":[{"href":"https:\/\/tunisie-verte-durable.org\/index.php\/wp-json\/wp\/v2\/media?parent=3238"}],"curies":[{"name":"wp","href":"https:\/\/api.w.org\/{rel}","templated":true}]}}