{"id":5670,"date":"2019-03-26T05:15:10","date_gmt":"2019-03-26T05:15:10","guid":{"rendered":"http:\/\/demo.zozothemes.com\/breno\/?page_id=5670"},"modified":"2025-09-23T12:47:58","modified_gmt":"2025-09-23T10:47:58","slug":"accueil","status":"publish","type":"page","link":"https:\/\/tunisie-verte-durable.org\/","title":{"rendered":"Accueil"},"content":{"rendered":"<div class=\"wpb-content-wrapper\"><p>[vc_row full_width=&#8221;stretch_row&#8221; content_placement=&#8221;middle&#8221; el_class=&#8221;features-new&#8221; css=&#8221;.vc_custom_1739895750406{margin-top: -250px !important;}&#8221;][vc_column offset=&#8221;vc_col-lg-4 vc_col-md-4&#8243; css=&#8221;.vc_custom_1738100711727{margin-bottom: 32px !important;padding-right: 0px !important;padding-left: 0px !important;}&#8221;]<div class=\"feature-box-wrapper principes-left feature-box-style-1 text-center wpb_animate_when_almost_visible wpb_bounceInUp bounceInUp vc_custom_1739896082207 shortcode-rand-1 breno-inline-css\" data-css=\"&quot;.shortcode-rand-1.feature-box-wrapper .section-title { color: #000000; }.shortcode-rand-1.feature-box-wrapper &gt; *:nth-child(1) { margin-bottom: 30px; }.shortcode-rand-1.feature-box-wrapper &gt; *:nth-child(2) { margin-bottom: 20px; }.shortcode-rand-1.feature-box-wrapper &gt; *:nth-child(3) { margin-bottom: 0; }.shortcode-rand-1.feature-box-wrapper {background: -moz-linear-gradient(141deg,  0%,  51%,  75%);\\r\\n\\t\\t\\t\\tbackground: -webkit-linear-gradient(141deg,  0%,  51%,  75%);\\r\\n\\t\\t\\t\\tbackground: linear-gradient(141deg,  0%,  51%,  75%);}.shortcode-rand-1 .feature-box-icon { font-size: 30px; }.shortcode-rand-1 .feature-box-icon { height: 60px; width: 60px; }.shortcode-rand-1 .feature-box-icon &gt; span { line-height: 2; }.shortcode-rand-1 .feature-box-icon { border-style: solid; border-color: #ffffff; }.shortcode-rand-1 .feature-box-icon { border-width: 1px; }&quot;\" ><div class=\"feature-box-thumb\"><img loading=\"lazy\" decoding=\"async\" class=\"img-fluid squared\" src=\"https:\/\/tunisie-verte-durable.org\/wp-content\/uploads\/2019\/02\/002-sports-and-competition.png\" width=\"64\" height=\"64\" alt=\"PRINCIPES FONDATEURS\" \/><\/div><!-- .feature-box-thumb --><div class=\"feature-box-title\"><h4 class=\"section-title\">PRINCIPES FONDATEURS<\/h4><\/div><!-- .feature-box-title --><div class=\"feature-box-content\"><\/p>\n<ul>\n<li><b>Promotion du bien-\u00eatre humain dans tous ses aspects : \u00e9conomique, social, culturel, mat\u00e9riel et immat\u00e9riel.<\/b><\/li>\n<\/ul>\n<ul>\n<li><b>R\u00e9alisation de l\u2019\u00e9quit\u00e9 sociale et de la justice intra et interg\u00e9n\u00e9rationnelle.<\/b><\/li>\n<\/ul>\n<ul>\n<li><b>Prise en compte de toutes les composantes de l\u2019environnement naturel et artificiel en tant que fondement de la vie et du bien-\u00eatre<\/b><\/li>\n<\/ul>\n<p>&nbsp;<\/div><!-- .feature-box-content --><\/div><!-- .feature-box-wrapper -->[\/vc_column][vc_column offset=&#8221;vc_col-lg-4 vc_col-md-4&#8243; css=&#8221;.vc_custom_1737459691100{padding-right: 0px !important;padding-left: 0px !important;}&#8221;]<div class=\"feature-box-wrapper home-page-logo feature-box-style-1 text-center wpb_animate_when_almost_visible wpb_bounceInDown bounceInDown vc_custom_1741393794020 shortcode-rand-2 breno-inline-css\" data-css=\"&quot;.shortcode-rand-2.feature-box-wrapper .section-title { color: #FFFFFF; }.shortcode-rand-2.feature-box-wrapper { color: #ffffff; }.shortcode-rand-2.feature-box-wrapper &gt; *:nth-child(1) { margin-bottom: 30px; }.shortcode-rand-2.feature-box-wrapper &gt; *:nth-child(2) { margin-bottom: 20px; }.shortcode-rand-2.feature-box-wrapper &gt; *:nth-child(3) { margin-bottom: 0px; }.shortcode-rand-2.feature-box-wrapper {background: -moz-linear-gradient(141deg,  0%,  51%,  75%);\\r\\n\\t\\t\\t\\tbackground: -webkit-linear-gradient(141deg,  0%,  51%,  75%);\\r\\n\\t\\t\\t\\tbackground: linear-gradient(141deg,  0%,  51%,  75%);}.shortcode-rand-2 .feature-box-icon { font-size: 30px; }.shortcode-rand-2 .feature-box-icon { height: 60px; width: 60px; }.shortcode-rand-2 .feature-box-icon &gt; span { line-height: 2; }.shortcode-rand-2 .feature-box-icon { border-style: solid; border-color: #ffffff; }.shortcode-rand-2 .feature-box-icon { border-width: 1px; }&quot;\" ><div class=\"feature-box-thumb\"><img loading=\"lazy\" decoding=\"async\" class=\"img-fluid squared\" src=\"https:\/\/tunisie-verte-durable.org\/wp-content\/uploads\/2019\/01\/Logo-SNTE.png\" width=\"636\" height=\"619\" alt=\"VISION DE LA SNTE A L\u2019HORIZON 2035, 2050\" \/><\/div><!-- .feature-box-thumb --><div class=\"feature-box-title\"><h4 class=\"section-title\">VISION DE LA SNTE A L\u2019HORIZON 2035, 2050<\/h4><\/div><!-- .feature-box-title --><div class=\"feature-box-content\"><span style=\"font-weight: 400\">Le bien-\u00eatre mat\u00e9riel et immat\u00e9riel des g\u00e9n\u00e9rations actuelles et futures est assur\u00e9, dans le cadre d\u2019un mod\u00e8le de d\u00e9veloppement \u00e9conomique et social juste et inclusif, sobre en ressources naturelles et en \u00e9nergie, \u00e9cologiquement neutre, adapt\u00e9 aux changements climatiques et r\u00e9silient aux crises et catastrophes.<\/span><\/div><!-- .feature-box-content --><div class=\"feature-box-btn\"><a class=\"btn default\" href=\"https:\/\/tunisie-verte-durable.org\/index.php\/strategie-nationale-transition-ecologique\/\" title=\"Voir plus\">Voir plus<\/a><\/div><!-- .feature-box-btn --><\/div><!-- .feature-box-wrapper -->[\/vc_column][vc_column offset=&#8221;vc_col-lg-4 vc_col-md-4&#8243; css=&#8221;.vc_custom_1553689281581{padding-right: 0px !important;padding-left: 0px !important;}&#8221;]<div class=\"feature-box-wrapper principes-right feature-box-style-1 text-center wpb_animate_when_almost_visible wpb_bounceInUp bounceInUp vc_custom_1739896074180 shortcode-rand-3 breno-inline-css\" data-css=\"&quot;.shortcode-rand-3.feature-box-wrapper .section-title { color: #000000; }.shortcode-rand-3.feature-box-wrapper &gt; *:nth-child(1) { margin-bottom: 30px; }.shortcode-rand-3.feature-box-wrapper &gt; *:nth-child(2) { margin-bottom: 20px; }.shortcode-rand-3.feature-box-wrapper &gt; *:nth-child(3) { margin-bottom: 0px; }.shortcode-rand-3.feature-box-wrapper {background: -moz-linear-gradient(141deg,  0%,  51%,  75%);\\r\\n\\t\\t\\t\\tbackground: -webkit-linear-gradient(141deg,  0%,  51%,  75%);\\r\\n\\t\\t\\t\\tbackground: linear-gradient(141deg,  0%,  51%,  75%);}.shortcode-rand-3 .feature-box-icon { font-size: 30px; }.shortcode-rand-3 .feature-box-icon { height: 60px; width: 60px; }.shortcode-rand-3 .feature-box-icon &gt; span { line-height: 2; }.shortcode-rand-3 .feature-box-icon { border-style: solid; border-color: #ffffff; }.shortcode-rand-3 .feature-box-icon { border-width: 1px; }&quot;\" ><div class=\"feature-box-thumb\"><img loading=\"lazy\" decoding=\"async\" class=\"img-fluid squared\" src=\"https:\/\/tunisie-verte-durable.org\/wp-content\/uploads\/2019\/02\/002-sports-and-competition.png\" width=\"64\" height=\"64\" alt=\"PRINCIPES FONDATEURS\" \/><\/div><!-- .feature-box-thumb --><div class=\"feature-box-title\"><h4 class=\"section-title\">PRINCIPES FONDATEURS<\/h4><\/div><!-- .feature-box-title --><div class=\"feature-box-content\"><\/p>\n<ul>\n<li><b>Qu\u00eate continue et progressive de la durabilit\u00e9 dans toutes ses dimensions et poursuite des objectifs de d\u00e9veloppement durable (ODD) 2030.<\/b><\/li>\n<\/ul>\n<ul>\n<li><b>Valorisation de l\u2019ensemble du patrimoine national : naturel, culturel et civilisationnel.<\/b><\/li>\n<\/ul>\n<ul>\n<li><b>Participation de l\u2019ensemble des acteurs socio-\u00e9conomiques publics et priv\u00e9s.<\/b><\/li>\n<\/ul>\n<p>&nbsp;<\/div><!-- .feature-box-content --><\/div><!-- .feature-box-wrapper -->[\/vc_column][\/vc_row][vc_row css=&#8221;.vc_custom_1739565309208{margin-top: -100px !important;}&#8221;][vc_column][vc_row_inner][vc_column_inner css=&#8221;.vc_custom_1539425346108{padding-right: 50px !important;}&#8221;]<div class=\"section-title-wrapper text-center shortcode-rand-4 breno-inline-css\" data-css=\"&quot;.shortcode-rand-4 .background-title { font-family:Dancing Script;font-weight:700;font-style:normal }.shortcode-rand-4 .background-title { color: #f0f0f0; }.shortcode-rand-4 .title-wrap { margin: 0 0 18px 0; }.shortcode-rand-4 .title-separator.separator-border,.section-title-wrapper .title-separator.separator-border:after, .section-title-wrapper .title-separator.separator-border:before { background-color: ; }.shortcode-rand-4 .section-title { color: #000000; text-transform: none; }&quot;\"><div class=\"title-wrap bg-title-enabled\"><h2 class=\"section-title\">Nos Projets<\/h2><span class=\"title-separator separator-border theme-color-bg\"><\/span><\/div><!-- .title-wrap --><div class=\"section-description\">Construire un avenir durable \u00e0 travers des initiatives \u00e9cologiques, des \u00e9nergies renouvelables et des pratiques responsables en Tunisie.<\/div><!-- .section-description --><div class=\"button-section\"><\/div><!-- .button-section --><\/div><!-- .section-title-wrapper -->[\/vc_column_inner][\/vc_row_inner][vc_row_inner][vc_column_inner]<div class=\"portfolio-wrapper text-left shortcode-rand-5 breno-inline-css\" data-css=\"&quot;.shortcode-rand-5.portfolio-wrapper .portfolio-content-wrap &gt; *:nth-child(1) { margin-bottom: 5px; }&quot;\"><div class=\"image-gallery grid-layout portfolio-grid-layout\" style=\"margin-bottom: -50px;\" data-filter-stat=\"0\" data-first-cat=\"\"><div class=\"isotope\" data-cols=\"4\" data-gutter=\"50\" data-layout=\"fitRows\" data-infinite=\"false\"><article id=\"post-4397\" class=\"vc-portfolio portfolio-default\"><div class=\"portfolio-wrap\" data-css=\"&quot;&quot;\"><div class=\"portfolio-img portfolio-overlay-wrap\"><div class=\"portfolio-overlay text-center overlay-center\"><div class=\"portfolio-icons\"><p><a href=\"https:\/\/tunisie-verte-durable.org\/wp-content\/uploads\/2019\/01\/logo-pagect-new-1.png\" class=\"image-gallery-link zoom-icon\"><i class=\"icon-magnifier-add\"><\/i><\/a><\/p><\/div><!-- .portfolio-icons --><\/div><!-- .portfolio-overlay --><a href=\"https:\/\/tunisie-verte-durable.org\/wp-content\/uploads\/2019\/01\/logo-pagect-new-1.png\"><img loading=\"lazy\" decoding=\"async\" height=\"389\" width=\"533\" class=\"img-fluid cpt-img\" alt=\"PAGECTE\" src=\"https:\/\/tunisie-verte-durable.org\/wp-content\/uploads\/2019\/01\/logo-pagect-new-1-533x389.png\"\/><\/a><\/div><div class=\"portfolio-content-wrap\"><div class=\"portfolio-title\"><h6><a href=\"https:\/\/tunisie-verte-durable.org\/index.php\/projet\/projet-d-appui-a-la-gouvernance-environnementale-et-climatique-pour-une-transition-ecologique-en-tunisie\/\">PAGECTE<\/a><\/h6><\/div><!-- .portfolio-title --><\/div><!-- .portfolio-content-wrap --><\/div><!-- .portfolio-wrap --><\/article><article id=\"post-4396\" class=\"vc-portfolio portfolio-default\"><div class=\"portfolio-wrap\" data-css=\"&quot;&quot;\"><div class=\"portfolio-img portfolio-overlay-wrap\"><div class=\"portfolio-overlay text-center overlay-center\"><div class=\"portfolio-icons\"><p><a href=\"https:\/\/tunisie-verte-durable.org\/wp-content\/uploads\/2019\/01\/2.png\" class=\"image-gallery-link zoom-icon\"><i class=\"icon-magnifier-add\"><\/i><\/a><\/p><\/div><!-- .portfolio-icons --><\/div><!-- .portfolio-overlay --><a href=\"https:\/\/tunisie-verte-durable.org\/wp-content\/uploads\/2019\/01\/2.png\"><img loading=\"lazy\" decoding=\"async\" height=\"389\" width=\"533\" class=\"img-fluid cpt-img\" alt=\"GREENOV\u2019I\" src=\"https:\/\/tunisie-verte-durable.org\/wp-content\/uploads\/2019\/01\/2-533x389.png\"\/><\/a><\/div><div class=\"portfolio-content-wrap\"><div class=\"portfolio-title\"><h6><a href=\"https:\/\/tunisie-verte-durable.org\/index.php\/projet\/greenovi\/\">GREENOV\u2019I<\/a><\/h6><\/div><!-- .portfolio-title --><\/div><!-- .portfolio-content-wrap --><\/div><!-- .portfolio-wrap --><\/article><article id=\"post-4395\" class=\"vc-portfolio portfolio-default\"><div class=\"portfolio-wrap\" data-css=\"&quot;&quot;\"><div class=\"portfolio-img portfolio-overlay-wrap\"><div class=\"portfolio-overlay text-center overlay-center\"><div class=\"portfolio-icons\"><p><a href=\"https:\/\/tunisie-verte-durable.org\/wp-content\/uploads\/2019\/01\/1.png\" class=\"image-gallery-link zoom-icon\"><i class=\"icon-magnifier-add\"><\/i><\/a><\/p><\/div><!-- .portfolio-icons --><\/div><!-- .portfolio-overlay --><a href=\"https:\/\/tunisie-verte-durable.org\/wp-content\/uploads\/2019\/01\/1.png\"><img loading=\"lazy\" decoding=\"async\" height=\"389\" width=\"533\" class=\"img-fluid cpt-img\" alt=\"ARESSE\" src=\"https:\/\/tunisie-verte-durable.org\/wp-content\/uploads\/2019\/01\/1-533x389.png\"\/><\/a><\/div><div class=\"portfolio-content-wrap\"><div class=\"portfolio-title\"><h6><a href=\"https:\/\/tunisie-verte-durable.org\/index.php\/projet\/aresse\/\">ARESSE<\/a><\/h6><\/div><!-- .portfolio-title --><\/div><!-- .portfolio-content-wrap --><\/div><!-- .portfolio-wrap --><\/article><article id=\"post-4394\" class=\"vc-portfolio portfolio-default\"><div class=\"portfolio-wrap\" data-css=\"&quot;&quot;\"><div class=\"portfolio-img portfolio-overlay-wrap\"><div class=\"portfolio-overlay text-center overlay-center\"><div class=\"portfolio-icons\"><p><a href=\"https:\/\/tunisie-verte-durable.org\/wp-content\/uploads\/2019\/01\/3.png\" class=\"image-gallery-link zoom-icon\"><i class=\"icon-magnifier-add\"><\/i><\/a><\/p><\/div><!-- .portfolio-icons --><\/div><!-- .portfolio-overlay --><a href=\"https:\/\/tunisie-verte-durable.org\/wp-content\/uploads\/2019\/01\/3.png\"><img loading=\"lazy\" decoding=\"async\" height=\"389\" width=\"533\" class=\"img-fluid cpt-img\" alt=\"LOCAL\" src=\"https:\/\/tunisie-verte-durable.org\/wp-content\/uploads\/2019\/01\/3-533x389.png\"\/><\/a><\/div><div class=\"portfolio-content-wrap\"><div class=\"portfolio-title\"><h6><a href=\"https:\/\/tunisie-verte-durable.org\/index.php\/projet\/local\/\">LOCAL<\/a><\/h6><\/div><!-- .portfolio-title --><\/div><!-- .portfolio-content-wrap --><\/div><!-- .portfolio-wrap --><\/article><\/div><!-- .isotope --><\/div><!-- .grid-layout --><\/div><!-- portfolio-wrapper -->[\/vc_column_inner][\/vc_row_inner][\/vc_column][vc_column][vc_row_inner][vc_column_inner][\/vc_column_inner][\/vc_row_inner][\/vc_column][\/vc_row][vc_row css=&#8221;.vc_custom_1739568356569{margin-top: -100px !important;}&#8221;][vc_column]<div class=\"section-title-wrapper last_actu_title_section text-center shortcode-rand-6 breno-inline-css\" data-css=\"&quot;.shortcode-rand-6 .background-title { font-family:Dancing Script;font-weight:700;font-style:normal }.shortcode-rand-6 .background-title { color: #f0f0f0; }.shortcode-rand-6.section-title-wrapper .sub-title { color: #eb2f5b; }.shortcode-rand-6 .section-title { color: #21212d; text-transform: none; }&quot;\"><div class=\"title-wrap bg-title-enabled\"><h2 class=\"section-title\">Derni\u00e8res nouvelles<\/h2><\/div><!-- .title-wrap --><div class=\"section-description\"><\/div><!-- .section-description --><div class=\"button-section\"><p><a class=\"btn default\" href=\"https:\/\/tunisie-verte-durable.org\/index.php\/actualites\/\" title=\"Toutes les actus\">Toutes les actus<\/a><\/p><\/div><!-- .button-section --><\/div><!-- .section-title-wrapper --><div class=\"blog-classic-wrapper latest_new shortcode-rand-7 breno-inline-css\" data-css=\"&quot;.shortcode-rand-7.blog-classic-wrapper .blog-grid &gt; *:nth-child(1) { margin-bottom: 40px; }.shortcode-rand-7.blog-classic-wrapper .blog-grid &gt; *:nth-child(2) { margin-bottom: 10px; }.shortcode-rand-7.blog-classic-wrapper .blog-grid &gt; *:nth-child(3) { margin-bottom: 15px; }.shortcode-rand-7.blog-classic-wrapper .blog-grid &gt; *:nth-child(4) { margin-bottom: 15px; }.shortcode-rand-7.blog-classic-wrapper .blog-grid &gt; *:nth-child(5) { margin-bottom: 0; }.shortcode-rand-7.blog-classic-wrapper .blog-list &gt; .media &gt; .media-body &gt; *:nth-child(1) { margin-bottom: 20px; }&quot;\"><div class=\"row\"><div class=\"col-md-7 blog-grid\"><div class=\"post-thumb\"><img loading=\"lazy\" decoding=\"async\" width=\"1000\" height=\"563\" src=\"https:\/\/tunisie-verte-durable.org\/wp-content\/uploads\/2026\/02\/photo-event.jpg\" class=\"img-fluid wp-post-image\" alt=\"\" srcset=\"https:\/\/tunisie-verte-durable.org\/wp-content\/uploads\/2026\/02\/photo-event.jpg 1000w, https:\/\/tunisie-verte-durable.org\/wp-content\/uploads\/2026\/02\/photo-event-768x432.jpg 768w\" sizes=\"auto, (max-width: 1000px) 100vw, 1000px\" \/><\/div><!-- .post-thumb --><div class=\"top-meta clearfix\"><ul class=\"top-meta-list\"><li><div class=\"post-date\"><a href=\"https:\/\/tunisie-verte-durable.org\/index.php\/2026\/02\/11\/\" >11 February 2026<\/a><\/div><\/li><\/ul><\/div><div class=\"entry-title\"><h4><a href=\"https:\/\/tunisie-verte-durable.org\/index.php\/news\/2026\/02\/11\/signature-de-16-conventions-de-projets-green-impact\/\" class=\"post-title\">Signature de 16 conventions de projets Green Impact<\/a><\/h4><\/div><!-- .entry-title --><div class=\"post-excerpt\"><p>[vc_row][vc_column][vc_column_text css=&#8221;&#8221;] 16 projets collaboratifs innovants et \u00e0 fort impact dans le domaine de l&#8217;environnement verront le jour<\/p>\n<\/div><!-- .post-excerpt --><div class=\"bottom-meta clearfix\"><ul class=\"bottom-meta-list\"><li><div class=\"post-more\"><a class=\"read-more\" href=\"https:\/\/tunisie-verte-durable.org\/index.php\/news\/2026\/02\/11\/signature-de-16-conventions-de-projets-green-impact\/\">Lire<\/a><\/div><\/li><\/ul><\/div><\/div> <!-- .blog-grid --><div class=\"col-md-5 blog-list\"><div class=\"media\"><div class=\"post-thumb\"><img loading=\"lazy\" decoding=\"async\" height=\"150\" width=\"150\" class=\"img-fluid\" alt=\"Cl\u00f4ture du Parcours Journalisme Environnemental\" src=\"https:\/\/tunisie-verte-durable.org\/wp-content\/uploads\/2026\/02\/image-150x150.jpg\"\/><\/div><!-- .post-thumb --><div class=\"ml-3 media-body\"><div class=\"top-meta clearfix\"><ul class=\"top-meta-list\"><li><div class=\"post-date\"><a href=\"https:\/\/tunisie-verte-durable.org\/index.php\/2026\/02\/05\/\" >5 February 2026<\/a><\/div><\/li><\/ul><\/div><div class=\"entry-title\"><h6><a href=\"https:\/\/tunisie-verte-durable.org\/index.php\/news\/2026\/02\/05\/cloture-du-parcours-journalisme-environnemental\/\" class=\"post-title\">Cl\u00f4ture du Parcours Journalisme Environnemental<\/a><\/h6><\/div><!-- .entry-title --><div class=\"bottom-meta clearfix\"><ul class=\"bottom-meta-list\"><li><div class=\"post-more\"><a class=\"read-more\" href=\"https:\/\/tunisie-verte-durable.org\/index.php\/news\/2026\/02\/05\/cloture-du-parcours-journalisme-environnemental\/\">Lire<\/a><\/div><\/li><\/ul><\/div><\/div><!-- .media-body --><\/div><!-- .media --><div class=\"media\"><div class=\"post-thumb\"><img loading=\"lazy\" decoding=\"async\" height=\"150\" width=\"150\" class=\"img-fluid\" alt=\"Forets &amp; soci\u00e9t\u00e9 civile\" src=\"https:\/\/tunisie-verte-durable.org\/wp-content\/uploads\/2025\/11\/image-pagecte-forets-150x150.jpg\"\/><\/div><!-- .post-thumb --><div class=\"ml-3 media-body\"><div class=\"top-meta clearfix\"><ul class=\"top-meta-list\"><li><div class=\"post-date\"><a href=\"https:\/\/tunisie-verte-durable.org\/index.php\/2025\/11\/14\/\" >14 November 2025<\/a><\/div><\/li><\/ul><\/div><div class=\"entry-title\"><h6><a href=\"https:\/\/tunisie-verte-durable.org\/index.php\/news\/2025\/11\/14\/forets-societe-civile\/\" class=\"post-title\">Forets &amp; soci\u00e9t\u00e9 civile<\/a><\/h6><\/div><!-- .entry-title --><div class=\"bottom-meta clearfix\"><ul class=\"bottom-meta-list\"><li><div class=\"post-more\"><a class=\"read-more\" href=\"https:\/\/tunisie-verte-durable.org\/index.php\/news\/2025\/11\/14\/forets-societe-civile\/\">Lire<\/a><\/div><\/li><\/ul><\/div><\/div><!-- .media-body --><\/div><!-- .media --><\/div> <!-- .blog-list --><\/div> <!-- .row --><\/div><!-- .blog-classic-wrapper -->[\/vc_column][\/vc_row][vc_row full_width=&#8221;stretch_row&#8221; css=&#8221;.vc_custom_1740021396889{margin-top: -40px !important;padding-top: 20px !important;padding-bottom: 20px !important;background-color: #f7f7f7 !important;}&#8221;][vc_column][vc_row_inner][vc_column_inner]<div class=\"section-title-wrapper text-center shortcode-rand-8 breno-inline-css\" data-css=\"&quot;.shortcode-rand-8 .background-title { font-family:Dancing Script;font-weight:700;font-style:normal }.shortcode-rand-8 .background-title { color: #f0f0f0; }.shortcode-rand-8 .title-separator.separator-border,.section-title-wrapper .title-separator.separator-border:after, .section-title-wrapper .title-separator.separator-border:before { background-color: ; }.shortcode-rand-8.section-title-wrapper .sub-title { color: #eb2f5b; }.shortcode-rand-8 .section-title { text-transform: none; }&quot;\"><div class=\"title-wrap bg-title-enabled\"><h2 class=\"section-title\">Opportunit\u00e9s<\/h2><span class=\"title-separator separator-border theme-color-bg\"><\/span><\/div><!-- .title-wrap --><div class=\"section-description\">D\u00e9couvrez un large \u00e9ventail d&#8217;opportunit\u00e9s pour b\u00e2tir un avenir durable. Que ce soit dans l&#8217;\u00e9cologie ou l&#8217;innovation, nous offrons des initiatives et des ressources pour encourager le d\u00e9veloppement durable. Rejoignez-nous pour transformer les d\u00e9fis environnementaux en solutions innovantes.<\/div><!-- .section-description --><div class=\"button-section\"><p><a class=\"btn link\" href=\"https:\/\/tunisie-verte-durable.org\/index.php\/opportunites\" title=\"Voir plus\">Voir plus<\/a><\/p><\/div><!-- .button-section --><\/div><!-- .section-title-wrapper --><div class=\"blog-wrapper opportunite-list blog-style-3 blog-light\" data-css=\"&quot;&quot;\"><div class=\"row\"><div class=\"col-lg-4 col-md-4\"><div class=\"blog-inner\"><div class=\"post-thumb\"><div class=\"post-thumb-overlay\"><a href=\"https:\/\/tunisie-verte-durable.org\/index.php\/greenovi\/2025\/12\/17\/appel-a-manifestation-dinteret-greenovi-events-2026\/\" class=\"post-link\"><\/a><\/div><img loading=\"lazy\" decoding=\"async\" width=\"544\" height=\"251\" src=\"https:\/\/tunisie-verte-durable.org\/wp-content\/uploads\/2025\/12\/GREENOVI-17-DEC-2025.jpg\" class=\"img-fluid wp-post-image\" alt=\"\" \/><\/div><!-- .post-thumb --><div class=\"entry-title\"><h4><a href=\"https:\/\/tunisie-verte-durable.org\/index.php\/greenovi\/2025\/12\/17\/appel-a-manifestation-dinteret-greenovi-events-2026\/\" class=\"post-title\">Appel \u00e0 manifestation d\u2019int\u00e9r\u00eat &#8211; Greenov&#8217;i Events 2026<\/a><\/h4><\/div><!-- .entry-title --><div class=\"top-meta clearfix\"><ul class=\"top-meta-list\"><li><div class=\"post-date\"><a href=\"https:\/\/tunisie-verte-durable.org\/index.php\/2025\/12\/17\/\" >17 December 2025<\/a><\/div><\/li><\/ul><\/div><div class=\"post-excerpt\"><p>Greenov\u2019i lance son troisi\u00e8me appel \u00e0 manifestation d\u2019int\u00e9r\u00eat \u00ab GreenoviEvents<\/p>\n<\/div><!-- .post-excerpt --><div class=\"bottom-meta clearfix\"><ul class=\"bottom-meta-list\"><li><div class=\"post-more\"><a class=\"read-more\" href=\"https:\/\/tunisie-verte-durable.org\/index.php\/greenovi\/2025\/12\/17\/appel-a-manifestation-dinteret-greenovi-events-2026\/\">VOIR PLUS<\/a><\/div><\/li><\/ul><\/div><\/div><!-- .blog-inner --><\/div><!-- .cols --><div class=\"col-lg-4 col-md-4\"><div class=\"blog-inner\"><div class=\"post-thumb\"><div class=\"post-thumb-overlay\"><a href=\"https:\/\/tunisie-verte-durable.org\/index.php\/pagecte\/2025\/12\/16\/lappel-a-projets-du-pagecte\/\" class=\"post-link\"><\/a><\/div><img loading=\"lazy\" decoding=\"async\" width=\"764\" height=\"456\" src=\"https:\/\/tunisie-verte-durable.org\/wp-content\/uploads\/2025\/12\/visuel-appel-a-projets-PAGECTE-764x456.jpg\" class=\"img-fluid wp-post-image\" alt=\"\" srcset=\"https:\/\/tunisie-verte-durable.org\/wp-content\/uploads\/2025\/12\/visuel-appel-a-projets-PAGECTE-764x456.jpg 764w, https:\/\/tunisie-verte-durable.org\/wp-content\/uploads\/2025\/12\/visuel-appel-a-projets-PAGECTE-220x130.jpg 220w\" sizes=\"auto, (max-width: 764px) 100vw, 764px\" \/><\/div><!-- .post-thumb --><div class=\"entry-title\"><h4><a href=\"https:\/\/tunisie-verte-durable.org\/index.php\/pagecte\/2025\/12\/16\/lappel-a-projets-du-pagecte\/\" class=\"post-title\">L&#8217;Appel \u00e0 projets du PAGECTE<\/a><\/h4><\/div><!-- .entry-title --><div class=\"top-meta clearfix\"><ul class=\"top-meta-list\"><li><div class=\"post-date\"><a href=\"https:\/\/tunisie-verte-durable.org\/index.php\/2025\/12\/16\/\" >16 December 2025<\/a><\/div><\/li><\/ul><\/div><div class=\"post-excerpt\"><p>[vc_row][vc_column][vc_column_text css=&#8221;&#8221;] Vous avez un projet pour l\u2019environnement ? Le<\/p>\n<\/div><!-- .post-excerpt --><div class=\"bottom-meta clearfix\"><ul class=\"bottom-meta-list\"><li><div class=\"post-more\"><a class=\"read-more\" href=\"https:\/\/tunisie-verte-durable.org\/index.php\/pagecte\/2025\/12\/16\/lappel-a-projets-du-pagecte\/\">VOIR PLUS<\/a><\/div><\/li><\/ul><\/div><\/div><!-- .blog-inner --><\/div><!-- .cols --><div class=\"col-lg-4 col-md-4\"><div class=\"blog-inner\"><div class=\"post-thumb\"><div class=\"post-thumb-overlay\"><a href=\"https:\/\/tunisie-verte-durable.org\/index.php\/greenovi\/2025\/11\/13\/greenovi-appel-a-manifestation-dinteret-greenassist\/\" class=\"post-link\"><\/a><\/div><img loading=\"lazy\" decoding=\"async\" width=\"768\" height=\"456\" src=\"https:\/\/tunisie-verte-durable.org\/wp-content\/uploads\/2025\/11\/image-GreenAssist-768x456.jpg\" class=\"img-fluid wp-post-image\" alt=\"\" srcset=\"https:\/\/tunisie-verte-durable.org\/wp-content\/uploads\/2025\/11\/image-GreenAssist-768x456.jpg 768w, https:\/\/tunisie-verte-durable.org\/wp-content\/uploads\/2025\/11\/image-GreenAssist-440x260.jpg 440w, https:\/\/tunisie-verte-durable.org\/wp-content\/uploads\/2025\/11\/image-GreenAssist-220x130.jpg 220w\" sizes=\"auto, (max-width: 768px) 100vw, 768px\" \/><\/div><!-- .post-thumb --><div class=\"entry-title\"><h4><a href=\"https:\/\/tunisie-verte-durable.org\/index.php\/greenovi\/2025\/11\/13\/greenovi-appel-a-manifestation-dinteret-greenassist\/\" class=\"post-title\">Greenov&#8217;i : Appel \u00e0 Manifestation d\u2019Int\u00e9r\u00eat\u00a0&#8220;GreenAssist&#8221;<\/a><\/h4><\/div><!-- .entry-title --><div class=\"top-meta clearfix\"><ul class=\"top-meta-list\"><li><div class=\"post-date\"><a href=\"https:\/\/tunisie-verte-durable.org\/index.php\/2025\/11\/13\/\" >13 November 2025<\/a><\/div><\/li><\/ul><\/div><div class=\"post-excerpt\"><p>Diagnostic environnemental pour l\u2019appui \u00e0 la transition \u00e9cologique des entreprises<\/p>\n<\/div><!-- .post-excerpt --><div class=\"bottom-meta clearfix\"><ul class=\"bottom-meta-list\"><li><div class=\"post-more\"><a class=\"read-more\" href=\"https:\/\/tunisie-verte-durable.org\/index.php\/greenovi\/2025\/11\/13\/greenovi-appel-a-manifestation-dinteret-greenassist\/\">VOIR PLUS<\/a><\/div><\/li><\/ul><\/div><\/div><!-- .blog-inner --><\/div><!-- .cols --><\/div><!-- .row --><\/div><!-- .blog-wrapper -->[\/vc_column_inner][\/vc_row_inner][\/vc_column][\/vc_row][vc_row content_placement=&#8221;middle&#8221; css=&#8221;.vc_custom_1737747619200{margin-top: 100px !important;padding-top: 0px !important;}&#8221;][vc_column el_class=&#8221;dotted-pattern style-2&#8243; css=&#8221;.vc_custom_1743803068158{padding-top: 255px !important;padding-bottom: 255px !important;background-image: url(http:\/\/tunisie-verte-durable.org\/wp-content\/uploads\/2025\/04\/maxresdefault.jpg?id=6504) !important;background-position: center !important;background-repeat: no-repeat !important;background-size: cover !important;border-radius: 10px !important;}&#8221; offset=&#8221;vc_col-lg-5 vc_col-md-5&#8243;][vc_column_text css=&#8221;&#8221; el_class=&#8221;anim style-2&#8243;]<a class=\"popup-video-post\" href=\"https:\/\/www.youtube.com\/watch?v=lahEM53kd1A\"><div class=\"video-play-icon text-center\"><span class=\"fa fa-play\"><\/span><\/div><\/a><\/p>\n<h4><strong>Envie de d\u00e9couvrir<\/strong><br \/>\nNotre mode de fonctionnement<\/h4>\n<p>[\/vc_column_text]<div class=\"section-title-wrapper custom-video-title shortcode-rand-10 breno-inline-css\" data-css=\"&quot;.shortcode-rand-10 .background-title { font-family:Abril Fatface;font-weight:400;font-style:normal }.shortcode-rand-10 .section-title { text-transform: none; }&quot;\"><div class=\"title-wrap\"><h2 class=\"section-title\">DERNIERE VIDEO<\/h2><\/div><!-- .title-wrap --><div class=\"section-description\"><\/div><!-- .section-description --><div class=\"button-section\"><\/div><!-- .button-section --><\/div><!-- .section-title-wrapper -->[\/vc_column][vc_column el_class=&#8221;pl-md-5&#8243; offset=&#8221;vc_col-lg-7 vc_col-md-7&#8243;]<div class=\"section-title-wrapper shortcode-rand-11 breno-inline-css\" data-css=\"&quot;.shortcode-rand-11 .background-title { font-family:Dancing Script;font-weight:700;font-style:normal }.shortcode-rand-11 .background-title { color: #f0f0f0; }.shortcode-rand-11 .title-separator.separator-border,.section-title-wrapper .title-separator.separator-border:after, .section-title-wrapper .title-separator.separator-border:before { background-color: ; }.shortcode-rand-11.section-title-wrapper .sub-title { color: #6abe52; }.shortcode-rand-11.section-title-wrapper &gt; *:nth-child(1) { margin-bottom: 25px; }.shortcode-rand-11.section-title-wrapper &gt; *:nth-child(2) { margin-bottom: 20px; }.shortcode-rand-11 .section-title { color: #21212d; text-transform: none; }&quot;\"><div class=\"title-wrap bg-title-enabled\"><span class=\"sub-title\">YOUTUBE<\/span><h2 class=\"section-title\">Extrait : cinq ans apr\u00e8s l\u2019Accord de Paris, o\u00f9 en est la Tunisie?<\/h2><span class=\"title-separator separator-border theme-color-bg\"><\/span><\/div><!-- .title-wrap --><div class=\"section-description\">Cinq apr\u00e8s l\u2019Accord de Paris, quelles sont les principales avanc\u00e9es de la Tunisie en mati\u00e8re d\u2019adaptation aux effets du changement climatique ?<\/p>\n<p>Quels d\u00e9fis et quelles solutions pour accompagner la Tunisie vers une trajectoire de d\u00e9veloppement r\u00e9siliente aux impacts du changement climatique ?<\/div><!-- .section-description --><div class=\"button-section\"><\/div><!-- .button-section --><\/div><!-- .section-title-wrapper --><div class=\"section-title-wrapper shortcode-rand-12 breno-inline-css\" data-css=\"&quot;.shortcode-rand-12 .section-title { text-transform: none; }&quot;\"><div class=\"title-wrap\"><h1 class=\"section-title\"><\/h1><\/div><!-- .title-wrap --><div class=\"section-description\"><\/div><!-- .section-description --><div class=\"button-section\"><\/div><!-- .button-section --><\/div><!-- .section-title-wrapper -->[vc_raw_html css=&#8221;.vc_custom_1741384134110{margin-top: -40px !important;}&#8221;]JTNDZGl2JTIwY2xhc3MlM0QlMjJidXR0b24tc2VjdGlvbiUyMiUzRSUzQ3AlM0UlM0NhJTIwY2xhc3MlM0QlMjJidG4lMjBkZWZhdWx0JTIyJTIwaHJlZiUzRCUyMmh0dHBzJTNBJTJGJTJGeW91dHViZS5jb20lMjIlMjB0aXRsZSUzRCUyMlBMVVMlMjBERSUyMFZJREVPUyUyMiUyMHRhcmdldCUzRCUyMl9ibGFuayUyMiUzRVBMVVMlMjBERSUyMFZJREVPUyUzQyUyRmElM0UlM0MlMkZwJTNFJTNDJTJGZGl2JTNF[\/vc_raw_html][\/vc_column][\/vc_row][vc_row css=&#8221;.vc_custom_1739749125584{margin-top: -80px !important;padding-bottom: 111px !important;}&#8221;][vc_column]<div class=\"section-title-wrapper last_actu_title_section mb-10 text-center shortcode-rand-13 breno-inline-css\" data-css=\"&quot;.shortcode-rand-13 .background-title { font-family:Dancing Script;font-weight:700;font-style:normal }.shortcode-rand-13 .background-title { color: #f0f0f0; }.shortcode-rand-13.section-title-wrapper .sub-title { color: #eb2f5b; }.shortcode-rand-13 .section-title { color: #21212d; text-transform: none; }&quot;\"><div class=\"title-wrap bg-title-enabled\"><h2 class=\"section-title\">\u00c9v\u00e8nements<\/h2><\/div><!-- .title-wrap --><div class=\"section-description\"><\/div><!-- .section-description --><div class=\"button-section\"><p><a class=\"btn default\" href=\"https:\/\/tunisie-verte-durable.org\/index.php\/events\/\" title=\"Voir plus\">Voir plus<\/a><\/p><\/div><!-- .button-section --><\/div><!-- .section-title-wrapper --><div class=\"events-wrapper events-grid event-style-2 events-light shortcode-rand-14 breno-inline-css\" data-css=\"&quot;.shortcode-rand-14.events-wrapper .events-inner &gt; *:nth-child(1) { margin-bottom: 71px; }.shortcode-rand-14.events-wrapper .events-inner &gt; *:nth-child(2) { margin-bottom: 71px; }.shortcode-rand-14.events-wrapper .events-inner &gt; *:nth-child(3) { margin-bottom: 71px; }&quot;\"><div class=\"owl-carousel\" data-loop=\"0\" data-margin=\"40\" data-center=\"0\" data-nav=\"1\" data-dots=\"0\" data-autoplay=\"0\" data-items=\"3\" data-items-tab=\"2\" data-items-mob=\"1\" data-duration=\"5000\" data-smartspeed=\"250\" data-scrollby=\"1\" data-autoheight=\"false\"><div class=\"item\"><div class=\"col-lg-4 col-md-4\"><div class=\"events-inner\"><span class=\"event-status\">Clotur\u00e9<\/span><div class=\"events-thumb\"><img loading=\"lazy\" decoding=\"async\" width=\"440\" height=\"260\" src=\"https:\/\/tunisie-verte-durable.org\/wp-content\/uploads\/2026\/02\/visuel-1-440x260.jpg\" class=\"img-fluid wp-post-image\" alt=\"\" srcset=\"https:\/\/tunisie-verte-durable.org\/wp-content\/uploads\/2026\/02\/visuel-1-440x260.jpg 440w, https:\/\/tunisie-verte-durable.org\/wp-content\/uploads\/2026\/02\/visuel-1-768x456.jpg 768w, https:\/\/tunisie-verte-durable.org\/wp-content\/uploads\/2026\/02\/visuel-1-1170x694.jpg 1170w, https:\/\/tunisie-verte-durable.org\/wp-content\/uploads\/2026\/02\/visuel-1-220x130.jpg 220w\" sizes=\"auto, (max-width: 440px) 100vw, 440px\" \/><div class=\"events-date\">11 February 2026<span class=\"event-venue\">Hotel E...<\/span><span class=\"event-time\">09:00<\/span><\/div><!-- .events-date --><\/div><!-- .events-thumb --><div class=\"events-title\"><h6><a href=\"https:\/\/tunisie-verte-durable.org\/index.php\/event\/ceremonie-de-signature-des-conventions-green-impact-2026\/\" class=\"entry-title\">C\u00e9r\u00e9monie de Signature des conventions Green Impact 2026<\/a><\/h6><\/div><!-- .events-title --><\/div><!-- .events-inner --><\/div><!-- .cols --><\/div><!-- .item --><div class=\"item\"><div class=\"col-lg-4 col-md-4\"><div class=\"events-inner\"><span class=\"event-status\">Clotur\u00e9<\/span><div class=\"events-thumb\"><img loading=\"lazy\" decoding=\"async\" width=\"440\" height=\"260\" src=\"https:\/\/tunisie-verte-durable.org\/wp-content\/uploads\/2025\/11\/image-event-pagecte-foret-440x260.jpg\" class=\"img-fluid wp-post-image\" alt=\"\" srcset=\"https:\/\/tunisie-verte-durable.org\/wp-content\/uploads\/2025\/11\/image-event-pagecte-foret-440x260.jpg 440w, https:\/\/tunisie-verte-durable.org\/wp-content\/uploads\/2025\/11\/image-event-pagecte-foret-768x456.jpg 768w, https:\/\/tunisie-verte-durable.org\/wp-content\/uploads\/2025\/11\/image-event-pagecte-foret-220x130.jpg 220w\" sizes=\"auto, (max-width: 440px) 100vw, 440px\" \/><div class=\"events-date\">14 November 2025<span class=\"event-venue\">Cit\u00e9 d...<\/span><span class=\"event-time\">08:30<\/span><\/div><!-- .events-date --><\/div><!-- .events-thumb --><div class=\"events-title\"><h6><a href=\"https:\/\/tunisie-verte-durable.org\/index.php\/event\/forets-et-societe-civile-en-tunisie\/\" class=\"entry-title\">For\u00eats et Soci\u00e9t\u00e9 Civile en Tunisie<\/a><\/h6><\/div><!-- .events-title --><\/div><!-- .events-inner --><\/div><!-- .cols --><\/div><!-- .item --><div class=\"item\"><div class=\"col-lg-4 col-md-4\"><div class=\"events-inner\"><span class=\"event-status\">Clotur\u00e9<\/span><div class=\"events-thumb\"><img loading=\"lazy\" decoding=\"async\" width=\"440\" height=\"260\" src=\"https:\/\/tunisie-verte-durable.org\/wp-content\/uploads\/2025\/11\/image-mobidoc-440x260.jpg\" class=\"img-fluid wp-post-image\" alt=\"\" srcset=\"https:\/\/tunisie-verte-durable.org\/wp-content\/uploads\/2025\/11\/image-mobidoc-440x260.jpg 440w, https:\/\/tunisie-verte-durable.org\/wp-content\/uploads\/2025\/11\/image-mobidoc-768x456.jpg 768w, https:\/\/tunisie-verte-durable.org\/wp-content\/uploads\/2025\/11\/image-mobidoc-220x130.jpg 220w\" sizes=\"auto, (max-width: 440px) 100vw, 440px\" \/><div class=\"events-date\">12 November 2025<span class=\"event-venue\">Cit\u00e9 d...<\/span><span class=\"event-time\">08:30<\/span><\/div><!-- .events-date --><\/div><!-- .events-thumb --><div class=\"events-title\"><h6><a href=\"https:\/\/tunisie-verte-durable.org\/index.php\/event\/signature-des-conventions-mobidoc-green-post-doc\/\" class=\"entry-title\">Signature des conventions MOBIDOC GREEN Post Doc<\/a><\/h6><\/div><!-- .events-title --><\/div><!-- .events-inner --><\/div><!-- .cols --><\/div><!-- .item --><div class=\"item\"><div class=\"col-lg-4 col-md-4\"><div class=\"events-inner\"><span class=\"event-status\">Clotur\u00e9<\/span><div class=\"events-thumb\"><img loading=\"lazy\" decoding=\"async\" width=\"440\" height=\"260\" src=\"https:\/\/tunisie-verte-durable.org\/wp-content\/uploads\/2025\/06\/photo-event-440x260.jpg\" class=\"img-fluid wp-post-image\" alt=\"\" srcset=\"https:\/\/tunisie-verte-durable.org\/wp-content\/uploads\/2025\/06\/photo-event-440x260.jpg 440w, https:\/\/tunisie-verte-durable.org\/wp-content\/uploads\/2025\/06\/photo-event-220x130.jpg 220w\" sizes=\"auto, (max-width: 440px) 100vw, 440px\" \/><div class=\"events-date\">18 June 2025<span class=\"event-venue\">H\u00f4tel ...<\/span><span class=\"event-time\">08:30 am<\/span><\/div><!-- .events-date --><\/div><!-- .events-thumb --><div class=\"events-title\"><h6><a href=\"https:\/\/tunisie-verte-durable.org\/index.php\/event\/vertdemain-aresse-pour-relever-les-defis-environnementaux\/\" class=\"entry-title\">VERT\u2019DEMAIN : ARESSE, pour relever les d\u00e9fis environnementaux<\/a><\/h6><\/div><!-- .events-title --><\/div><!-- .events-inner --><\/div><!-- .cols --><\/div><!-- .item --><div class=\"item\"><div class=\"col-lg-4 col-md-4\"><div class=\"events-inner\"><span class=\"event-status\">Clotur\u00e9<\/span><div class=\"events-thumb\"><img loading=\"lazy\" decoding=\"async\" width=\"440\" height=\"260\" src=\"https:\/\/tunisie-verte-durable.org\/wp-content\/uploads\/2024\/11\/LOGO-GREEN-IMPACT-440x260.jpg\" class=\"img-fluid wp-post-image\" alt=\"\" srcset=\"https:\/\/tunisie-verte-durable.org\/wp-content\/uploads\/2024\/11\/LOGO-GREEN-IMPACT-440x260.jpg 440w, https:\/\/tunisie-verte-durable.org\/wp-content\/uploads\/2024\/11\/LOGO-GREEN-IMPACT-220x130.jpg 220w\" sizes=\"auto, (max-width: 440px) 100vw, 440px\" \/><div class=\"events-date\">24 January 2025<span class=\"event-venue\">Tunis<\/span><span class=\"event-time\">7.00 am<\/span><\/div><!-- .events-date --><\/div><!-- .events-thumb --><div class=\"events-title\"><h6><a href=\"https:\/\/tunisie-verte-durable.org\/index.php\/event\/journee-dinformation-green-impact\/\" class=\"entry-title\">Journ\u00e9e d&#8217;information \u00ab Green Impact \u00bb<\/a><\/h6><\/div><!-- .events-title --><\/div><!-- .events-inner --><\/div><!-- .cols --><\/div><!-- .item --><\/div><!-- .owl-carousel --><\/div><!-- .events-wrapper -->[\/vc_column][\/vc_row]<\/p>\n<\/div>","protected":false},"excerpt":{"rendered":"<p>[vc_row full_width=&#8221;stretch_row&#8221; content_placement=&#8221;middle&#8221; el_class=&#8221;features-new&#8221; css=&#8221;.vc_custom_1739895750406{margin-top: -250px !important;}&#8221;][vc_column offset=&#8221;vc_col-lg-4 vc_col-md-4&#8243; css=&#8221;.vc_custom_1738100711727{margin-bottom:<\/p>\n","protected":false},"author":1,"featured_media":0,"parent":0,"menu_order":0,"comment_status":"closed","ping_status":"closed","template":"","meta":{"_piecal_is_event":false,"_piecal_start_date":"","_piecal_end_date":"","_piecal_is_allday":false,"footnotes":""},"class_list":["post-5670","page","type-page","status-publish","hentry"],"aioseo_notices":[],"_links":{"self":[{"href":"https:\/\/tunisie-verte-durable.org\/index.php\/wp-json\/wp\/v2\/pages\/5670","targetHints":{"allow":["GET"]}}],"collection":[{"href":"https:\/\/tunisie-verte-durable.org\/index.php\/wp-json\/wp\/v2\/pages"}],"about":[{"href":"https:\/\/tunisie-verte-durable.org\/index.php\/wp-json\/wp\/v2\/types\/page"}],"author":[{"embeddable":true,"href":"https:\/\/tunisie-verte-durable.org\/index.php\/wp-json\/wp\/v2\/users\/1"}],"replies":[{"embeddable":true,"href":"https:\/\/tunisie-verte-durable.org\/index.php\/wp-json\/wp\/v2\/comments?post=5670"}],"version-history":[{"count":134,"href":"https:\/\/tunisie-verte-durable.org\/index.php\/wp-json\/wp\/v2\/pages\/5670\/revisions"}],"predecessor-version":[{"id":6715,"href":"https:\/\/tunisie-verte-durable.org\/index.php\/wp-json\/wp\/v2\/pages\/5670\/revisions\/6715"}],"wp:attachment":[{"href":"https:\/\/tunisie-verte-durable.org\/index.php\/wp-json\/wp\/v2\/media?parent=5670"}],"curies":[{"name":"wp","href":"https:\/\/api.w.org\/{rel}","templated":true}]}}